{"id":71990,"date":"2019-02-21T11:38:33","date_gmt":"2019-02-21T10:38:33","guid":{"rendered":"https:\/\/www.walraven.com\/de\/?page_id=71990"},"modified":"2023-03-17T13:56:54","modified_gmt":"2023-03-17T12:56:54","slug":"partner-fuer-installationstechnik","status":"publish","type":"page","link":"https:\/\/www.walraven.com\/de\/ueber-walraven\/aktuelles\/pressemitteilungen\/pressemeldungen-fruehjahr-2019\/partner-fuer-installationstechnik\/","title":{"rendered":"Der Partner f\u00fcr Installationstechnik"},"content":{"rendered":"<p>Mit Befestigungs-, Brandschutz- und Sanit\u00e4rsystemen bietet die Walraven Group L\u00f6sungen f\u00fcr breit gef\u00e4cherte Einsatzbereiche. Die Bayreuther Walraven GmbH ist seit 1986 als Mitglied der international t\u00e4tigen Walraven Group &#8211; mit Hauptsitz in Mijdrecht (NL) und 22 eigenen Produktions- und Vertriebsniederlassungen weltweit &#8211; der Partner f\u00fcr Installationstechnik in Deutschland, der Schweiz, \u00d6sterreich und S\u00fcdosteuropa.<\/p>\n<ul>\n<li><strong>Walraven Befestigungssysteme<\/strong> beinhalten vollst\u00e4ndige Sortimente zur Befestigung von Sanit\u00e4r-, Heizungs- und Klimainstallationen sowie Elektroleitungen und Solarmodulen.<\/li>\n<li>Die <strong>Walraven Brandschutzsysteme<\/strong> bieten L\u00f6sungen f\u00fcr baulichen Brandschutz in der technischen Geb\u00e4udeausr\u00fcstung. Sie umfassen Abschottungssysteme f\u00fcr Rohr- und Kabeldurchf\u00fchrungen sowie brandschutzgepr\u00fcfte Befestigungsprodukte.<\/li>\n<li>Das Badsystem Walraven Vario<sup>\u00ae<\/sup> mit h\u00f6henverstellbaren WC- und Waschtisch-Vorwandelementen, Sanit\u00e4rsilikone und Fugendichtstoffe umfassen die <strong>Walraven Sanit\u00e4rsysteme<\/strong>.<\/li>\n<\/ul>\n<p>&nbsp;<\/p>\n<p><strong>Downloads, Bilder, Bildtext:<\/strong><\/p>\n<p style=\"padding-left: 30px;\">Word-Dokument:\u00a0<a href=\"https:\/\/www.walraven.com\/wp-content\/uploads\/sites\/4\/2019\/02\/Walraven.docx\">Walraven.docx<\/a><\/p>\n<p><a href=\"https:\/\/www.walraven.com\/wp-content\/uploads\/sites\/4\/2018\/03\/Walraven-Unternehmen-RGB.jpg\" target=\"_blank\" rel=\"noopener\"><img loading=\"lazy\" decoding=\"async\" class=\"wp-image-69009 size-medium alignright\" src=\"https:\/\/www.walraven.com\/wp-content\/uploads\/sites\/4\/2018\/03\/Walraven-Unternehmen-RGB-300x234.jpg\" alt=\"Walraven-Unternehmen-RGB\" width=\"300\" height=\"234\" srcset=\"https:\/\/www.walraven.com\/de\/wp-content\/uploads\/sites\/4\/2018\/03\/Walraven-Unternehmen-RGB-300x234.jpg 300w, https:\/\/www.walraven.com\/de\/wp-content\/uploads\/sites\/4\/2018\/03\/Walraven-Unternehmen-RGB-768x599.jpg 768w, https:\/\/www.walraven.com\/de\/wp-content\/uploads\/sites\/4\/2018\/03\/Walraven-Unternehmen-RGB-1024x798.jpg 1024w, https:\/\/www.walraven.com\/de\/wp-content\/uploads\/sites\/4\/2018\/03\/Walraven-Unternehmen-RGB-391x305.jpg 391w, https:\/\/www.walraven.com\/de\/wp-content\/uploads\/sites\/4\/2018\/03\/Walraven-Unternehmen-RGB-489x381.jpg 489w, https:\/\/www.walraven.com\/de\/wp-content\/uploads\/sites\/4\/2018\/03\/Walraven-Unternehmen-RGB.jpg 1500w\" sizes=\"auto, (max-width: 300px) 100vw, 300px\" \/><\/a><\/p>\n<p style=\"padding-left: 30px;\">Fotos:<\/p>\n<p style=\"padding-left: 30px;\"><a href=\"https:\/\/www.walraven.com\/wp-content\/uploads\/sites\/4\/2018\/03\/Walraven-Unternehmen-RGB.jpg\" target=\"_blank\" rel=\"noopener\">Walraven-Unternehmen<\/a><\/p>\n<p style=\"padding-left: 30px;\">Seit 1986 ist Walraven Bayreuth als Mitglied der weltweit t\u00e4tigen Walraven Group in Deutschland, der Schweiz, \u00d6sterreich und S\u00fcdosteuropa aktiv.<\/p>\n<p>&nbsp;<\/p>\n<p>&nbsp;<\/p>\n<p>&nbsp;<\/p>\n<p><a href=\"https:\/\/www.walraven.com\/wp-content\/uploads\/sites\/4\/2019\/02\/Walraven-Logo-RGB.jpg\" target=\"_blank\" rel=\"noopener\"><img loading=\"lazy\" decoding=\"async\" class=\"wp-image-71893 size-medium alignright\" src=\"https:\/\/www.walraven.com\/wp-content\/uploads\/sites\/4\/2019\/02\/Walraven-Logo-RGB-300x105.jpg\" alt=\"\" width=\"300\" height=\"105\" srcset=\"https:\/\/www.walraven.com\/de\/wp-content\/uploads\/sites\/4\/2019\/02\/Walraven-Logo-RGB-300x105.jpg 300w, https:\/\/www.walraven.com\/de\/wp-content\/uploads\/sites\/4\/2019\/02\/Walraven-Logo-RGB-768x270.jpg 768w, https:\/\/www.walraven.com\/de\/wp-content\/uploads\/sites\/4\/2019\/02\/Walraven-Logo-RGB-1024x360.jpg 1024w, https:\/\/www.walraven.com\/de\/wp-content\/uploads\/sites\/4\/2019\/02\/Walraven-Logo-RGB-480x169.jpg 480w, https:\/\/www.walraven.com\/de\/wp-content\/uploads\/sites\/4\/2019\/02\/Walraven-Logo-RGB-600x211.jpg 600w, https:\/\/www.walraven.com\/de\/wp-content\/uploads\/sites\/4\/2019\/02\/Walraven-Logo-RGB.jpg 1093w\" sizes=\"auto, (max-width: 300px) 100vw, 300px\" \/><\/a><\/p>\n<p style=\"padding-left: 30px;\"><a href=\"https:\/\/www.walraven.com\/wp-content\/uploads\/sites\/4\/2019\/02\/Walraven-Logo-RGB.jpg\" target=\"_blank\" rel=\"noopener\">Walraven-Logo<\/a><\/p>\n<p>&nbsp;<\/p>\n<p>&nbsp;<\/p>\n<p style=\"padding-left: 30px;\">Bilder: Walraven<\/p>\n","protected":false},"excerpt":{"rendered":"<p>Mit Befestigungs-, Brandschutz- und Sanit\u00e4rsystemen bietet die Walraven Group L\u00f6sungen f\u00fcr breit gef\u00e4cherte Einsatzbereiche. Die Bayreuther Walraven GmbH ist seit 1986 als Mitglied der international t\u00e4tigen Walraven Group &#8211; mit Hauptsitz in Mijdrecht (NL) und 22 eigenen Produktions- und Vertriebsniederlassungen weltweit &#8211; der Partner f\u00fcr Installationstechnik in Deutschland, der Schweiz, \u00d6sterreich und S\u00fcdosteuropa. Walraven Befestigungssysteme [&hellip;]<\/p>\n","protected":false},"author":9,"featured_media":0,"parent":71852,"menu_order":0,"comment_status":"closed","ping_status":"closed","template":"","meta":{"_acf_changed":false,"footnotes":""},"class_list":["post-71990","page","type-page","status-publish","hentry"],"acf":[],"yoast_head":"<!-- This site is optimized with the Yoast SEO Premium plugin v27.5 (Yoast SEO v27.5) - https:\/\/yoast.com\/product\/yoast-seo-premium-wordpress\/ -->\n<title>Der Partner f\u00fcr Installationstechnik - Walraven Deutschland<\/title>\n<meta name=\"description\" content=\"Zur Messe ISH 2019 ver\u00f6ffentlicht Walraven sechs Pressemeldungen. In diesem Artikel erfahren Sie mehr \u00fcber das Unternehmen Walraven.\" \/>\n<meta name=\"robots\" content=\"index, follow, max-snippet:-1, max-image-preview:large, max-video-preview:-1\" \/>\n<link rel=\"canonical\" href=\"https:\/\/www.walraven.com\/de\/ueber-walraven\/aktuelles\/pressemitteilungen\/pressemeldungen-fruehjahr-2019\/partner-fuer-installationstechnik\/\" \/>\n<meta property=\"og:locale\" content=\"de_DE\" \/>\n<meta property=\"og:type\" content=\"article\" \/>\n<meta property=\"og:title\" content=\"Der Partner f\u00fcr Installationstechnik\" \/>\n<meta property=\"og:description\" content=\"Zur Messe ISH 2019 ver\u00f6ffentlicht Walraven sechs Pressemeldungen. In diesem Artikel erfahren Sie mehr \u00fcber das Unternehmen Walraven.\" \/>\n<meta property=\"og:url\" content=\"https:\/\/www.walraven.com\/de\/ueber-walraven\/aktuelles\/pressemitteilungen\/pressemeldungen-fruehjahr-2019\/partner-fuer-installationstechnik\/\" \/>\n<meta property=\"og:site_name\" content=\"Walraven Deutschland\" \/>\n<meta property=\"article:publisher\" content=\"https:\/\/www.facebook.com\/Walraven.GmbH\" \/>\n<meta property=\"article:modified_time\" content=\"2023-03-17T12:56:54+00:00\" \/>\n<meta property=\"og:image\" content=\"https:\/\/www.walraven.com\/de\/wp-content\/uploads\/sites\/4\/2018\/03\/Walraven-Unternehmen-RGB.jpg\" \/>\n\t<meta property=\"og:image:width\" content=\"1500\" \/>\n\t<meta property=\"og:image:height\" content=\"1169\" \/>\n\t<meta property=\"og:image:type\" content=\"image\/jpeg\" \/>\n<meta name=\"twitter:card\" content=\"summary_large_image\" \/>\n<meta name=\"twitter:site\" content=\"@BIS_Tech\" \/>\n<meta name=\"twitter:label1\" content=\"Gesch\u00e4tzte Lesezeit\" \/>\n\t<meta name=\"twitter:data1\" content=\"2\u00a0Minuten\" \/>\n<script type=\"application\/ld+json\" class=\"yoast-schema-graph\">{\"@context\":\"https:\\\/\\\/schema.org\",\"@graph\":[{\"@type\":\"WebPage\",\"@id\":\"https:\\\/\\\/www.walraven.com\\\/de\\\/ueber-walraven\\\/aktuelles\\\/pressemitteilungen\\\/pressemeldungen-fruehjahr-2019\\\/partner-fuer-installationstechnik\\\/\",\"url\":\"https:\\\/\\\/www.walraven.com\\\/de\\\/ueber-walraven\\\/aktuelles\\\/pressemitteilungen\\\/pressemeldungen-fruehjahr-2019\\\/partner-fuer-installationstechnik\\\/\",\"name\":\"Der Partner f\u00fcr Installationstechnik - Walraven Deutschland\",\"isPartOf\":{\"@id\":\"https:\\\/\\\/www.walraven.com\\\/de\\\/#website\"},\"primaryImageOfPage\":{\"@id\":\"https:\\\/\\\/www.walraven.com\\\/de\\\/ueber-walraven\\\/aktuelles\\\/pressemitteilungen\\\/pressemeldungen-fruehjahr-2019\\\/partner-fuer-installationstechnik\\\/#primaryimage\"},\"image\":{\"@id\":\"https:\\\/\\\/www.walraven.com\\\/de\\\/ueber-walraven\\\/aktuelles\\\/pressemitteilungen\\\/pressemeldungen-fruehjahr-2019\\\/partner-fuer-installationstechnik\\\/#primaryimage\"},\"thumbnailUrl\":\"https:\\\/\\\/www.walraven.com\\\/wp-content\\\/uploads\\\/sites\\\/4\\\/2018\\\/03\\\/Walraven-Unternehmen-RGB-300x234.jpg\",\"datePublished\":\"2019-02-21T10:38:33+00:00\",\"dateModified\":\"2023-03-17T12:56:54+00:00\",\"description\":\"Zur Messe ISH 2019 ver\u00f6ffentlicht Walraven sechs Pressemeldungen. In diesem Artikel erfahren Sie mehr \u00fcber das Unternehmen Walraven.\",\"breadcrumb\":{\"@id\":\"https:\\\/\\\/www.walraven.com\\\/de\\\/ueber-walraven\\\/aktuelles\\\/pressemitteilungen\\\/pressemeldungen-fruehjahr-2019\\\/partner-fuer-installationstechnik\\\/#breadcrumb\"},\"inLanguage\":\"de\",\"potentialAction\":[{\"@type\":\"ReadAction\",\"target\":[\"https:\\\/\\\/www.walraven.com\\\/de\\\/ueber-walraven\\\/aktuelles\\\/pressemitteilungen\\\/pressemeldungen-fruehjahr-2019\\\/partner-fuer-installationstechnik\\\/\"]}]},{\"@type\":\"ImageObject\",\"inLanguage\":\"de\",\"@id\":\"https:\\\/\\\/www.walraven.com\\\/de\\\/ueber-walraven\\\/aktuelles\\\/pressemitteilungen\\\/pressemeldungen-fruehjahr-2019\\\/partner-fuer-installationstechnik\\\/#primaryimage\",\"url\":\"https:\\\/\\\/www.walraven.com\\\/wp-content\\\/uploads\\\/sites\\\/4\\\/2018\\\/03\\\/Walraven-Unternehmen-RGB-300x234.jpg\",\"contentUrl\":\"https:\\\/\\\/www.walraven.com\\\/wp-content\\\/uploads\\\/sites\\\/4\\\/2018\\\/03\\\/Walraven-Unternehmen-RGB-300x234.jpg\"},{\"@type\":\"BreadcrumbList\",\"@id\":\"https:\\\/\\\/www.walraven.com\\\/de\\\/ueber-walraven\\\/aktuelles\\\/pressemitteilungen\\\/pressemeldungen-fruehjahr-2019\\\/partner-fuer-installationstechnik\\\/#breadcrumb\",\"itemListElement\":[{\"@type\":\"ListItem\",\"position\":1,\"name\":\"Startseite\",\"item\":\"https:\\\/\\\/www.walraven.com\\\/de\\\/\"},{\"@type\":\"ListItem\",\"position\":2,\"name\":\"Walraven Group\",\"item\":\"https:\\\/\\\/www.walraven.com\\\/de\\\/ueber-walraven\\\/\"},{\"@type\":\"ListItem\",\"position\":3,\"name\":\"News\",\"item\":\"https:\\\/\\\/www.walraven.com\\\/de\\\/ueber-walraven\\\/aktuelles\\\/\"},{\"@type\":\"ListItem\",\"position\":4,\"name\":\"Pressemitteilungen\",\"item\":\"https:\\\/\\\/www.walraven.com\\\/de\\\/ueber-walraven\\\/aktuelles\\\/pressemitteilungen\\\/\"},{\"@type\":\"ListItem\",\"position\":5,\"name\":\"Pressemeldungen Fr\u00fchjahr 2019\",\"item\":\"https:\\\/\\\/www.walraven.com\\\/de\\\/ueber-walraven\\\/aktuelles\\\/pressemitteilungen\\\/pressemeldungen-fruehjahr-2019\\\/\"},{\"@type\":\"ListItem\",\"position\":6,\"name\":\"Der Partner f\u00fcr Installationstechnik\"}]},{\"@type\":\"WebSite\",\"@id\":\"https:\\\/\\\/www.walraven.com\\\/de\\\/#website\",\"url\":\"https:\\\/\\\/www.walraven.com\\\/de\\\/\",\"name\":\"Walraven Deutschland\",\"description\":\"\",\"publisher\":{\"@id\":\"https:\\\/\\\/www.walraven.com\\\/de\\\/#organization\"},\"potentialAction\":[{\"@type\":\"SearchAction\",\"target\":{\"@type\":\"EntryPoint\",\"urlTemplate\":\"https:\\\/\\\/www.walraven.com\\\/de\\\/?s={search_term_string}\"},\"query-input\":{\"@type\":\"PropertyValueSpecification\",\"valueRequired\":true,\"valueName\":\"search_term_string\"}}],\"inLanguage\":\"de\"},{\"@type\":\"Organization\",\"@id\":\"https:\\\/\\\/www.walraven.com\\\/de\\\/#organization\",\"name\":\"Walraven GmbH\",\"alternateName\":\"Walraven GmbH\",\"url\":\"https:\\\/\\\/www.walraven.com\\\/de\\\/\",\"logo\":{\"@type\":\"ImageObject\",\"inLanguage\":\"de\",\"@id\":\"https:\\\/\\\/www.walraven.com\\\/de\\\/#\\\/schema\\\/logo\\\/image\\\/\",\"url\":\"https:\\\/\\\/www.walraven.com\\\/de\\\/wp-content\\\/uploads\\\/sites\\\/4\\\/2023\\\/12\\\/Walraven_logo300x300.jpg\",\"contentUrl\":\"https:\\\/\\\/www.walraven.com\\\/de\\\/wp-content\\\/uploads\\\/sites\\\/4\\\/2023\\\/12\\\/Walraven_logo300x300.jpg\",\"width\":300,\"height\":300,\"caption\":\"Walraven GmbH\"},\"image\":{\"@id\":\"https:\\\/\\\/www.walraven.com\\\/de\\\/#\\\/schema\\\/logo\\\/image\\\/\"},\"sameAs\":[\"https:\\\/\\\/www.facebook.com\\\/Walraven.GmbH\",\"https:\\\/\\\/x.com\\\/BIS_Tech\",\"https:\\\/\\\/www.youtube.com\\\/WalravenDE\",\"https:\\\/\\\/www.linkedin.com\\\/company\\\/walraven-gmbh\",\"https:\\\/\\\/www.instagram.com\\\/walraven.gmbh\\\/\"]}]}<\/script>\n<!-- \/ Yoast SEO Premium plugin. -->","yoast_head_json":{"title":"Der Partner f\u00fcr Installationstechnik - Walraven Deutschland","description":"Zur Messe ISH 2019 ver\u00f6ffentlicht Walraven sechs Pressemeldungen. In diesem Artikel erfahren Sie mehr \u00fcber das Unternehmen Walraven.","robots":{"index":"index","follow":"follow","max-snippet":"max-snippet:-1","max-image-preview":"max-image-preview:large","max-video-preview":"max-video-preview:-1"},"canonical":"https:\/\/www.walraven.com\/de\/ueber-walraven\/aktuelles\/pressemitteilungen\/pressemeldungen-fruehjahr-2019\/partner-fuer-installationstechnik\/","og_locale":"de_DE","og_type":"article","og_title":"Der Partner f\u00fcr Installationstechnik","og_description":"Zur Messe ISH 2019 ver\u00f6ffentlicht Walraven sechs Pressemeldungen. In diesem Artikel erfahren Sie mehr \u00fcber das Unternehmen Walraven.","og_url":"https:\/\/www.walraven.com\/de\/ueber-walraven\/aktuelles\/pressemitteilungen\/pressemeldungen-fruehjahr-2019\/partner-fuer-installationstechnik\/","og_site_name":"Walraven Deutschland","article_publisher":"https:\/\/www.facebook.com\/Walraven.GmbH","article_modified_time":"2023-03-17T12:56:54+00:00","og_image":[{"width":1500,"height":1169,"url":"https:\/\/www.walraven.com\/de\/wp-content\/uploads\/sites\/4\/2018\/03\/Walraven-Unternehmen-RGB.jpg","type":"image\/jpeg"}],"twitter_card":"summary_large_image","twitter_site":"@BIS_Tech","twitter_misc":{"Gesch\u00e4tzte Lesezeit":"2\u00a0Minuten"},"schema":{"@context":"https:\/\/schema.org","@graph":[{"@type":"WebPage","@id":"https:\/\/www.walraven.com\/de\/ueber-walraven\/aktuelles\/pressemitteilungen\/pressemeldungen-fruehjahr-2019\/partner-fuer-installationstechnik\/","url":"https:\/\/www.walraven.com\/de\/ueber-walraven\/aktuelles\/pressemitteilungen\/pressemeldungen-fruehjahr-2019\/partner-fuer-installationstechnik\/","name":"Der Partner f\u00fcr Installationstechnik - Walraven Deutschland","isPartOf":{"@id":"https:\/\/www.walraven.com\/de\/#website"},"primaryImageOfPage":{"@id":"https:\/\/www.walraven.com\/de\/ueber-walraven\/aktuelles\/pressemitteilungen\/pressemeldungen-fruehjahr-2019\/partner-fuer-installationstechnik\/#primaryimage"},"image":{"@id":"https:\/\/www.walraven.com\/de\/ueber-walraven\/aktuelles\/pressemitteilungen\/pressemeldungen-fruehjahr-2019\/partner-fuer-installationstechnik\/#primaryimage"},"thumbnailUrl":"https:\/\/www.walraven.com\/wp-content\/uploads\/sites\/4\/2018\/03\/Walraven-Unternehmen-RGB-300x234.jpg","datePublished":"2019-02-21T10:38:33+00:00","dateModified":"2023-03-17T12:56:54+00:00","description":"Zur Messe ISH 2019 ver\u00f6ffentlicht Walraven sechs Pressemeldungen. In diesem Artikel erfahren Sie mehr \u00fcber das Unternehmen Walraven.","breadcrumb":{"@id":"https:\/\/www.walraven.com\/de\/ueber-walraven\/aktuelles\/pressemitteilungen\/pressemeldungen-fruehjahr-2019\/partner-fuer-installationstechnik\/#breadcrumb"},"inLanguage":"de","potentialAction":[{"@type":"ReadAction","target":["https:\/\/www.walraven.com\/de\/ueber-walraven\/aktuelles\/pressemitteilungen\/pressemeldungen-fruehjahr-2019\/partner-fuer-installationstechnik\/"]}]},{"@type":"ImageObject","inLanguage":"de","@id":"https:\/\/www.walraven.com\/de\/ueber-walraven\/aktuelles\/pressemitteilungen\/pressemeldungen-fruehjahr-2019\/partner-fuer-installationstechnik\/#primaryimage","url":"https:\/\/www.walraven.com\/wp-content\/uploads\/sites\/4\/2018\/03\/Walraven-Unternehmen-RGB-300x234.jpg","contentUrl":"https:\/\/www.walraven.com\/wp-content\/uploads\/sites\/4\/2018\/03\/Walraven-Unternehmen-RGB-300x234.jpg"},{"@type":"BreadcrumbList","@id":"https:\/\/www.walraven.com\/de\/ueber-walraven\/aktuelles\/pressemitteilungen\/pressemeldungen-fruehjahr-2019\/partner-fuer-installationstechnik\/#breadcrumb","itemListElement":[{"@type":"ListItem","position":1,"name":"Startseite","item":"https:\/\/www.walraven.com\/de\/"},{"@type":"ListItem","position":2,"name":"Walraven Group","item":"https:\/\/www.walraven.com\/de\/ueber-walraven\/"},{"@type":"ListItem","position":3,"name":"News","item":"https:\/\/www.walraven.com\/de\/ueber-walraven\/aktuelles\/"},{"@type":"ListItem","position":4,"name":"Pressemitteilungen","item":"https:\/\/www.walraven.com\/de\/ueber-walraven\/aktuelles\/pressemitteilungen\/"},{"@type":"ListItem","position":5,"name":"Pressemeldungen Fr\u00fchjahr 2019","item":"https:\/\/www.walraven.com\/de\/ueber-walraven\/aktuelles\/pressemitteilungen\/pressemeldungen-fruehjahr-2019\/"},{"@type":"ListItem","position":6,"name":"Der Partner f\u00fcr Installationstechnik"}]},{"@type":"WebSite","@id":"https:\/\/www.walraven.com\/de\/#website","url":"https:\/\/www.walraven.com\/de\/","name":"Walraven Deutschland","description":"","publisher":{"@id":"https:\/\/www.walraven.com\/de\/#organization"},"potentialAction":[{"@type":"SearchAction","target":{"@type":"EntryPoint","urlTemplate":"https:\/\/www.walraven.com\/de\/?s={search_term_string}"},"query-input":{"@type":"PropertyValueSpecification","valueRequired":true,"valueName":"search_term_string"}}],"inLanguage":"de"},{"@type":"Organization","@id":"https:\/\/www.walraven.com\/de\/#organization","name":"Walraven GmbH","alternateName":"Walraven GmbH","url":"https:\/\/www.walraven.com\/de\/","logo":{"@type":"ImageObject","inLanguage":"de","@id":"https:\/\/www.walraven.com\/de\/#\/schema\/logo\/image\/","url":"https:\/\/www.walraven.com\/de\/wp-content\/uploads\/sites\/4\/2023\/12\/Walraven_logo300x300.jpg","contentUrl":"https:\/\/www.walraven.com\/de\/wp-content\/uploads\/sites\/4\/2023\/12\/Walraven_logo300x300.jpg","width":300,"height":300,"caption":"Walraven GmbH"},"image":{"@id":"https:\/\/www.walraven.com\/de\/#\/schema\/logo\/image\/"},"sameAs":["https:\/\/www.facebook.com\/Walraven.GmbH","https:\/\/x.com\/BIS_Tech","https:\/\/www.youtube.com\/WalravenDE","https:\/\/www.linkedin.com\/company\/walraven-gmbh","https:\/\/www.instagram.com\/walraven.gmbh\/"]}]}},"_links":{"self":[{"href":"https:\/\/www.walraven.com\/de\/wp-json\/wp\/v2\/pages\/71990","targetHints":{"allow":["GET"]}}],"collection":[{"href":"https:\/\/www.walraven.com\/de\/wp-json\/wp\/v2\/pages"}],"about":[{"href":"https:\/\/www.walraven.com\/de\/wp-json\/wp\/v2\/types\/page"}],"author":[{"embeddable":true,"href":"https:\/\/www.walraven.com\/de\/wp-json\/wp\/v2\/users\/9"}],"replies":[{"embeddable":true,"href":"https:\/\/www.walraven.com\/de\/wp-json\/wp\/v2\/comments?post=71990"}],"version-history":[{"count":5,"href":"https:\/\/www.walraven.com\/de\/wp-json\/wp\/v2\/pages\/71990\/revisions"}],"predecessor-version":[{"id":83129,"href":"https:\/\/www.walraven.com\/de\/wp-json\/wp\/v2\/pages\/71990\/revisions\/83129"}],"up":[{"embeddable":true,"href":"https:\/\/www.walraven.com\/de\/wp-json\/wp\/v2\/pages\/71852"}],"wp:attachment":[{"href":"https:\/\/www.walraven.com\/de\/wp-json\/wp\/v2\/media?parent=71990"}],"curies":[{"name":"wp","href":"https:\/\/api.w.org\/{rel}","templated":true}]}}