{"id":72006,"date":"2019-02-21T12:43:11","date_gmt":"2019-02-21T11:43:11","guid":{"rendered":"https:\/\/www.walraven.com\/de\/?page_id=72006"},"modified":"2019-02-21T13:51:56","modified_gmt":"2019-02-21T12:51:56","slug":"zertifizierte-brandschutzkompetenz-bei-walraven","status":"publish","type":"page","link":"https:\/\/www.walraven.com\/de\/ueber-walraven\/aktuelles\/pressemitteilungen\/pressemeldungen-fruehjahr-2019\/zertifizierte-brandschutzkompetenz-bei-walraven\/","title":{"rendered":"Zertifizierte Brandschutzkompetenz bei Walraven"},"content":{"rendered":"<p><strong>Neuer Fachplaner f\u00fcr vorbeugenden Brandschutz (EIPOS) <\/strong><strong>bei Walraven Bayreuth<\/strong><\/p>\n<p>J\u00f6rg Schmitz ist nun Fachplaner f\u00fcr vorbeugenden Brandschutz (EIPOS). Zust\u00e4ndig bei Walraven f\u00fcr Anwendungstechnik und Projektmanagement in Hessen, Rheinland-Pfalz, dem Saarland und Nordrhein-Westfalen, erweitert er das bei Walraven deutschland- und europaweit t\u00e4tige Team mit nachgewiesener Erfahrung und Sachkunde im baulichen Brandschutz durch Pr\u00fcfungen zu Fachplanern f\u00fcr geb\u00e4udetechnischen oder vorbeugenden Brandschutz (EIPOS).<\/p>\n<p>Das Erarbeiten eines schl\u00fcssigen Brandschutznachweises verlangt vom Fachplaner besondere Sachkunde und Erfahrung sowie umfangreiche Kenntnisse der gesetzlichen und normativen Regelungen. Die berufsbegleitende Fachfortbildung zum Fachplaner f\u00fcr vorbeugenden Brandschutz (EIPOS) vermittelt Fachwissen im vorbeugenden Brandschutz und bef\u00e4higt zur Erarbeitung ganzheitlicher Brandschutznachweise im Bauantragsverfahren.<\/p>\n<p>Abgerundet wird die nachgewiesene fachliche Brandschutzkompetenz bei Walraven vom zentral verantwortlichen Sachverst\u00e4ndigen f\u00fcr geb\u00e4udetechnischen Brandschutz (EIPOS) Karl-Heinz Ullrich.<\/p>\n<p><strong>Downloads<\/strong><\/p>\n<p style=\"padding-left: 30px\">Word-Dokument:\u00a0<a href=\"https:\/\/www.walraven.com\/wp-content\/uploads\/sites\/4\/2019\/02\/Walraven-Neuer-EIPOS-Fachplaner-1.docx\" target=\"_blank\" rel=\"noopener\">Walraven-Neuer EIPOS-Fachplaner.docx<\/a><\/p>\n<p style=\"padding-left: 30px\"><a href=\"https:\/\/www.walraven.com\/wp-content\/uploads\/sites\/4\/2019\/02\/Walraven-Joerg-Schmitz_RGB.jpg\" target=\"_blank\" rel=\"noopener\"><img loading=\"lazy\" decoding=\"async\" class=\"wp-image-72008 alignright\" src=\"https:\/\/www.walraven.com\/wp-content\/uploads\/sites\/4\/2019\/02\/Walraven-Joerg-Schmitz_RGB.jpg\" alt=\"\" width=\"132\" height=\"200\" srcset=\"https:\/\/www.walraven.com\/de\/wp-content\/uploads\/sites\/4\/2019\/02\/Walraven-Joerg-Schmitz_RGB.jpg 585w, https:\/\/www.walraven.com\/de\/wp-content\/uploads\/sites\/4\/2019\/02\/Walraven-Joerg-Schmitz_RGB-198x300.jpg 198w, https:\/\/www.walraven.com\/de\/wp-content\/uploads\/sites\/4\/2019\/02\/Walraven-Joerg-Schmitz_RGB-201x305.jpg 201w, https:\/\/www.walraven.com\/de\/wp-content\/uploads\/sites\/4\/2019\/02\/Walraven-Joerg-Schmitz_RGB-252x381.jpg 252w\" sizes=\"auto, (max-width: 132px) 100vw, 132px\" \/><\/a>Foto:<\/p>\n<p style=\"padding-left: 30px\"><a href=\"https:\/\/www.walraven.com\/wp-content\/uploads\/sites\/4\/2019\/02\/Walraven-Joerg-Schmitz_RGB.jpg\" target=\"_blank\" rel=\"noopener\">Walraven-Joerg-Schmitz<br \/>\n<\/a><\/p>\n<p style=\"padding-left: 30px\">Foto: Walraven<\/p>\n","protected":false},"excerpt":{"rendered":"<p>Neuer Fachplaner f\u00fcr vorbeugenden Brandschutz (EIPOS) bei Walraven Bayreuth J\u00f6rg Schmitz ist nun Fachplaner f\u00fcr vorbeugenden Brandschutz (EIPOS). Zust\u00e4ndig bei Walraven f\u00fcr Anwendungstechnik und Projektmanagement in Hessen, Rheinland-Pfalz, dem Saarland und Nordrhein-Westfalen, erweitert er das bei Walraven deutschland- und europaweit t\u00e4tige Team mit nachgewiesener Erfahrung und Sachkunde im baulichen Brandschutz durch Pr\u00fcfungen zu Fachplanern f\u00fcr [&hellip;]<\/p>\n","protected":false},"author":9,"featured_media":0,"parent":71852,"menu_order":0,"comment_status":"closed","ping_status":"closed","template":"","meta":{"_acf_changed":false,"footnotes":""},"class_list":["post-72006","page","type-page","status-publish","hentry"],"acf":[],"yoast_head":"<!-- This site is optimized with the Yoast SEO Premium plugin v27.5 (Yoast SEO v27.5) - https:\/\/yoast.com\/product\/yoast-seo-premium-wordpress\/ -->\n<title>Zertifizierte Brandschutzkompetenz bei Walraven - Walraven Deutschland<\/title>\n<meta name=\"description\" content=\"Pressemeldungen im Fr\u00fchjahr 2019, hier: Neuer Fachplaner f\u00fcr vorbeugenden Brandschutz (EIPOS) J\u00f6rg Schmitz.\" \/>\n<meta name=\"robots\" content=\"index, follow, max-snippet:-1, max-image-preview:large, max-video-preview:-1\" \/>\n<link rel=\"canonical\" href=\"https:\/\/www.walraven.com\/de\/ueber-walraven\/aktuelles\/pressemitteilungen\/pressemeldungen-fruehjahr-2019\/zertifizierte-brandschutzkompetenz-bei-walraven\/\" \/>\n<meta property=\"og:locale\" content=\"de_DE\" \/>\n<meta property=\"og:type\" content=\"article\" \/>\n<meta property=\"og:title\" content=\"Zertifizierte Brandschutzkompetenz bei Walraven\" \/>\n<meta property=\"og:description\" content=\"Pressemeldungen im Fr\u00fchjahr 2019, hier: Neuer Fachplaner f\u00fcr vorbeugenden Brandschutz (EIPOS) J\u00f6rg Schmitz.\" \/>\n<meta property=\"og:url\" content=\"https:\/\/www.walraven.com\/de\/ueber-walraven\/aktuelles\/pressemitteilungen\/pressemeldungen-fruehjahr-2019\/zertifizierte-brandschutzkompetenz-bei-walraven\/\" \/>\n<meta property=\"og:site_name\" content=\"Walraven Deutschland\" \/>\n<meta property=\"article:publisher\" content=\"https:\/\/www.facebook.com\/Walraven.GmbH\" \/>\n<meta property=\"article:modified_time\" content=\"2019-02-21T12:51:56+00:00\" \/>\n<meta property=\"og:image\" content=\"https:\/\/www.walraven.com\/de\/wp-content\/uploads\/sites\/4\/2019\/02\/Walraven-Joerg-Schmitz_RGB.jpg\" \/>\n\t<meta property=\"og:image:width\" content=\"585\" \/>\n\t<meta property=\"og:image:height\" content=\"886\" \/>\n\t<meta property=\"og:image:type\" content=\"image\/jpeg\" \/>\n<meta name=\"twitter:card\" content=\"summary_large_image\" \/>\n<meta name=\"twitter:site\" content=\"@BIS_Tech\" \/>\n<meta name=\"twitter:label1\" content=\"Gesch\u00e4tzte Lesezeit\" \/>\n\t<meta name=\"twitter:data1\" content=\"1\u00a0Minute\" \/>\n<script type=\"application\/ld+json\" class=\"yoast-schema-graph\">{\"@context\":\"https:\\\/\\\/schema.org\",\"@graph\":[{\"@type\":\"WebPage\",\"@id\":\"https:\\\/\\\/www.walraven.com\\\/de\\\/ueber-walraven\\\/aktuelles\\\/pressemitteilungen\\\/pressemeldungen-fruehjahr-2019\\\/zertifizierte-brandschutzkompetenz-bei-walraven\\\/\",\"url\":\"https:\\\/\\\/www.walraven.com\\\/de\\\/ueber-walraven\\\/aktuelles\\\/pressemitteilungen\\\/pressemeldungen-fruehjahr-2019\\\/zertifizierte-brandschutzkompetenz-bei-walraven\\\/\",\"name\":\"Zertifizierte Brandschutzkompetenz bei Walraven - Walraven Deutschland\",\"isPartOf\":{\"@id\":\"https:\\\/\\\/www.walraven.com\\\/de\\\/#website\"},\"primaryImageOfPage\":{\"@id\":\"https:\\\/\\\/www.walraven.com\\\/de\\\/ueber-walraven\\\/aktuelles\\\/pressemitteilungen\\\/pressemeldungen-fruehjahr-2019\\\/zertifizierte-brandschutzkompetenz-bei-walraven\\\/#primaryimage\"},\"image\":{\"@id\":\"https:\\\/\\\/www.walraven.com\\\/de\\\/ueber-walraven\\\/aktuelles\\\/pressemitteilungen\\\/pressemeldungen-fruehjahr-2019\\\/zertifizierte-brandschutzkompetenz-bei-walraven\\\/#primaryimage\"},\"thumbnailUrl\":\"https:\\\/\\\/www.walraven.com\\\/wp-content\\\/uploads\\\/sites\\\/4\\\/2019\\\/02\\\/Walraven-Joerg-Schmitz_RGB.jpg\",\"datePublished\":\"2019-02-21T11:43:11+00:00\",\"dateModified\":\"2019-02-21T12:51:56+00:00\",\"description\":\"Pressemeldungen im Fr\u00fchjahr 2019, hier: Neuer Fachplaner f\u00fcr vorbeugenden Brandschutz (EIPOS) J\u00f6rg Schmitz.\",\"breadcrumb\":{\"@id\":\"https:\\\/\\\/www.walraven.com\\\/de\\\/ueber-walraven\\\/aktuelles\\\/pressemitteilungen\\\/pressemeldungen-fruehjahr-2019\\\/zertifizierte-brandschutzkompetenz-bei-walraven\\\/#breadcrumb\"},\"inLanguage\":\"de\",\"potentialAction\":[{\"@type\":\"ReadAction\",\"target\":[\"https:\\\/\\\/www.walraven.com\\\/de\\\/ueber-walraven\\\/aktuelles\\\/pressemitteilungen\\\/pressemeldungen-fruehjahr-2019\\\/zertifizierte-brandschutzkompetenz-bei-walraven\\\/\"]}]},{\"@type\":\"ImageObject\",\"inLanguage\":\"de\",\"@id\":\"https:\\\/\\\/www.walraven.com\\\/de\\\/ueber-walraven\\\/aktuelles\\\/pressemitteilungen\\\/pressemeldungen-fruehjahr-2019\\\/zertifizierte-brandschutzkompetenz-bei-walraven\\\/#primaryimage\",\"url\":\"https:\\\/\\\/www.walraven.com\\\/wp-content\\\/uploads\\\/sites\\\/4\\\/2019\\\/02\\\/Walraven-Joerg-Schmitz_RGB.jpg\",\"contentUrl\":\"https:\\\/\\\/www.walraven.com\\\/wp-content\\\/uploads\\\/sites\\\/4\\\/2019\\\/02\\\/Walraven-Joerg-Schmitz_RGB.jpg\"},{\"@type\":\"BreadcrumbList\",\"@id\":\"https:\\\/\\\/www.walraven.com\\\/de\\\/ueber-walraven\\\/aktuelles\\\/pressemitteilungen\\\/pressemeldungen-fruehjahr-2019\\\/zertifizierte-brandschutzkompetenz-bei-walraven\\\/#breadcrumb\",\"itemListElement\":[{\"@type\":\"ListItem\",\"position\":1,\"name\":\"Startseite\",\"item\":\"https:\\\/\\\/www.walraven.com\\\/de\\\/\"},{\"@type\":\"ListItem\",\"position\":2,\"name\":\"Walraven Group\",\"item\":\"https:\\\/\\\/www.walraven.com\\\/de\\\/ueber-walraven\\\/\"},{\"@type\":\"ListItem\",\"position\":3,\"name\":\"News\",\"item\":\"https:\\\/\\\/www.walraven.com\\\/de\\\/ueber-walraven\\\/aktuelles\\\/\"},{\"@type\":\"ListItem\",\"position\":4,\"name\":\"Pressemitteilungen\",\"item\":\"https:\\\/\\\/www.walraven.com\\\/de\\\/ueber-walraven\\\/aktuelles\\\/pressemitteilungen\\\/\"},{\"@type\":\"ListItem\",\"position\":5,\"name\":\"Pressemeldungen Fr\u00fchjahr 2019\",\"item\":\"https:\\\/\\\/www.walraven.com\\\/de\\\/ueber-walraven\\\/aktuelles\\\/pressemitteilungen\\\/pressemeldungen-fruehjahr-2019\\\/\"},{\"@type\":\"ListItem\",\"position\":6,\"name\":\"Zertifizierte Brandschutzkompetenz bei Walraven\"}]},{\"@type\":\"WebSite\",\"@id\":\"https:\\\/\\\/www.walraven.com\\\/de\\\/#website\",\"url\":\"https:\\\/\\\/www.walraven.com\\\/de\\\/\",\"name\":\"Walraven Deutschland\",\"description\":\"\",\"publisher\":{\"@id\":\"https:\\\/\\\/www.walraven.com\\\/de\\\/#organization\"},\"potentialAction\":[{\"@type\":\"SearchAction\",\"target\":{\"@type\":\"EntryPoint\",\"urlTemplate\":\"https:\\\/\\\/www.walraven.com\\\/de\\\/?s={search_term_string}\"},\"query-input\":{\"@type\":\"PropertyValueSpecification\",\"valueRequired\":true,\"valueName\":\"search_term_string\"}}],\"inLanguage\":\"de\"},{\"@type\":\"Organization\",\"@id\":\"https:\\\/\\\/www.walraven.com\\\/de\\\/#organization\",\"name\":\"Walraven GmbH\",\"alternateName\":\"Walraven GmbH\",\"url\":\"https:\\\/\\\/www.walraven.com\\\/de\\\/\",\"logo\":{\"@type\":\"ImageObject\",\"inLanguage\":\"de\",\"@id\":\"https:\\\/\\\/www.walraven.com\\\/de\\\/#\\\/schema\\\/logo\\\/image\\\/\",\"url\":\"https:\\\/\\\/www.walraven.com\\\/de\\\/wp-content\\\/uploads\\\/sites\\\/4\\\/2023\\\/12\\\/Walraven_logo300x300.jpg\",\"contentUrl\":\"https:\\\/\\\/www.walraven.com\\\/de\\\/wp-content\\\/uploads\\\/sites\\\/4\\\/2023\\\/12\\\/Walraven_logo300x300.jpg\",\"width\":300,\"height\":300,\"caption\":\"Walraven GmbH\"},\"image\":{\"@id\":\"https:\\\/\\\/www.walraven.com\\\/de\\\/#\\\/schema\\\/logo\\\/image\\\/\"},\"sameAs\":[\"https:\\\/\\\/www.facebook.com\\\/Walraven.GmbH\",\"https:\\\/\\\/x.com\\\/BIS_Tech\",\"https:\\\/\\\/www.youtube.com\\\/WalravenDE\",\"https:\\\/\\\/www.linkedin.com\\\/company\\\/walraven-gmbh\",\"https:\\\/\\\/www.instagram.com\\\/walraven.gmbh\\\/\"]}]}<\/script>\n<!-- \/ Yoast SEO Premium plugin. -->","yoast_head_json":{"title":"Zertifizierte Brandschutzkompetenz bei Walraven - Walraven Deutschland","description":"Pressemeldungen im Fr\u00fchjahr 2019, hier: Neuer Fachplaner f\u00fcr vorbeugenden Brandschutz (EIPOS) J\u00f6rg Schmitz.","robots":{"index":"index","follow":"follow","max-snippet":"max-snippet:-1","max-image-preview":"max-image-preview:large","max-video-preview":"max-video-preview:-1"},"canonical":"https:\/\/www.walraven.com\/de\/ueber-walraven\/aktuelles\/pressemitteilungen\/pressemeldungen-fruehjahr-2019\/zertifizierte-brandschutzkompetenz-bei-walraven\/","og_locale":"de_DE","og_type":"article","og_title":"Zertifizierte Brandschutzkompetenz bei Walraven","og_description":"Pressemeldungen im Fr\u00fchjahr 2019, hier: Neuer Fachplaner f\u00fcr vorbeugenden Brandschutz (EIPOS) J\u00f6rg Schmitz.","og_url":"https:\/\/www.walraven.com\/de\/ueber-walraven\/aktuelles\/pressemitteilungen\/pressemeldungen-fruehjahr-2019\/zertifizierte-brandschutzkompetenz-bei-walraven\/","og_site_name":"Walraven Deutschland","article_publisher":"https:\/\/www.facebook.com\/Walraven.GmbH","article_modified_time":"2019-02-21T12:51:56+00:00","og_image":[{"width":585,"height":886,"url":"https:\/\/www.walraven.com\/de\/wp-content\/uploads\/sites\/4\/2019\/02\/Walraven-Joerg-Schmitz_RGB.jpg","type":"image\/jpeg"}],"twitter_card":"summary_large_image","twitter_site":"@BIS_Tech","twitter_misc":{"Gesch\u00e4tzte Lesezeit":"1\u00a0Minute"},"schema":{"@context":"https:\/\/schema.org","@graph":[{"@type":"WebPage","@id":"https:\/\/www.walraven.com\/de\/ueber-walraven\/aktuelles\/pressemitteilungen\/pressemeldungen-fruehjahr-2019\/zertifizierte-brandschutzkompetenz-bei-walraven\/","url":"https:\/\/www.walraven.com\/de\/ueber-walraven\/aktuelles\/pressemitteilungen\/pressemeldungen-fruehjahr-2019\/zertifizierte-brandschutzkompetenz-bei-walraven\/","name":"Zertifizierte Brandschutzkompetenz bei Walraven - Walraven Deutschland","isPartOf":{"@id":"https:\/\/www.walraven.com\/de\/#website"},"primaryImageOfPage":{"@id":"https:\/\/www.walraven.com\/de\/ueber-walraven\/aktuelles\/pressemitteilungen\/pressemeldungen-fruehjahr-2019\/zertifizierte-brandschutzkompetenz-bei-walraven\/#primaryimage"},"image":{"@id":"https:\/\/www.walraven.com\/de\/ueber-walraven\/aktuelles\/pressemitteilungen\/pressemeldungen-fruehjahr-2019\/zertifizierte-brandschutzkompetenz-bei-walraven\/#primaryimage"},"thumbnailUrl":"https:\/\/www.walraven.com\/wp-content\/uploads\/sites\/4\/2019\/02\/Walraven-Joerg-Schmitz_RGB.jpg","datePublished":"2019-02-21T11:43:11+00:00","dateModified":"2019-02-21T12:51:56+00:00","description":"Pressemeldungen im Fr\u00fchjahr 2019, hier: Neuer Fachplaner f\u00fcr vorbeugenden Brandschutz (EIPOS) J\u00f6rg Schmitz.","breadcrumb":{"@id":"https:\/\/www.walraven.com\/de\/ueber-walraven\/aktuelles\/pressemitteilungen\/pressemeldungen-fruehjahr-2019\/zertifizierte-brandschutzkompetenz-bei-walraven\/#breadcrumb"},"inLanguage":"de","potentialAction":[{"@type":"ReadAction","target":["https:\/\/www.walraven.com\/de\/ueber-walraven\/aktuelles\/pressemitteilungen\/pressemeldungen-fruehjahr-2019\/zertifizierte-brandschutzkompetenz-bei-walraven\/"]}]},{"@type":"ImageObject","inLanguage":"de","@id":"https:\/\/www.walraven.com\/de\/ueber-walraven\/aktuelles\/pressemitteilungen\/pressemeldungen-fruehjahr-2019\/zertifizierte-brandschutzkompetenz-bei-walraven\/#primaryimage","url":"https:\/\/www.walraven.com\/wp-content\/uploads\/sites\/4\/2019\/02\/Walraven-Joerg-Schmitz_RGB.jpg","contentUrl":"https:\/\/www.walraven.com\/wp-content\/uploads\/sites\/4\/2019\/02\/Walraven-Joerg-Schmitz_RGB.jpg"},{"@type":"BreadcrumbList","@id":"https:\/\/www.walraven.com\/de\/ueber-walraven\/aktuelles\/pressemitteilungen\/pressemeldungen-fruehjahr-2019\/zertifizierte-brandschutzkompetenz-bei-walraven\/#breadcrumb","itemListElement":[{"@type":"ListItem","position":1,"name":"Startseite","item":"https:\/\/www.walraven.com\/de\/"},{"@type":"ListItem","position":2,"name":"Walraven Group","item":"https:\/\/www.walraven.com\/de\/ueber-walraven\/"},{"@type":"ListItem","position":3,"name":"News","item":"https:\/\/www.walraven.com\/de\/ueber-walraven\/aktuelles\/"},{"@type":"ListItem","position":4,"name":"Pressemitteilungen","item":"https:\/\/www.walraven.com\/de\/ueber-walraven\/aktuelles\/pressemitteilungen\/"},{"@type":"ListItem","position":5,"name":"Pressemeldungen Fr\u00fchjahr 2019","item":"https:\/\/www.walraven.com\/de\/ueber-walraven\/aktuelles\/pressemitteilungen\/pressemeldungen-fruehjahr-2019\/"},{"@type":"ListItem","position":6,"name":"Zertifizierte Brandschutzkompetenz bei Walraven"}]},{"@type":"WebSite","@id":"https:\/\/www.walraven.com\/de\/#website","url":"https:\/\/www.walraven.com\/de\/","name":"Walraven Deutschland","description":"","publisher":{"@id":"https:\/\/www.walraven.com\/de\/#organization"},"potentialAction":[{"@type":"SearchAction","target":{"@type":"EntryPoint","urlTemplate":"https:\/\/www.walraven.com\/de\/?s={search_term_string}"},"query-input":{"@type":"PropertyValueSpecification","valueRequired":true,"valueName":"search_term_string"}}],"inLanguage":"de"},{"@type":"Organization","@id":"https:\/\/www.walraven.com\/de\/#organization","name":"Walraven GmbH","alternateName":"Walraven GmbH","url":"https:\/\/www.walraven.com\/de\/","logo":{"@type":"ImageObject","inLanguage":"de","@id":"https:\/\/www.walraven.com\/de\/#\/schema\/logo\/image\/","url":"https:\/\/www.walraven.com\/de\/wp-content\/uploads\/sites\/4\/2023\/12\/Walraven_logo300x300.jpg","contentUrl":"https:\/\/www.walraven.com\/de\/wp-content\/uploads\/sites\/4\/2023\/12\/Walraven_logo300x300.jpg","width":300,"height":300,"caption":"Walraven GmbH"},"image":{"@id":"https:\/\/www.walraven.com\/de\/#\/schema\/logo\/image\/"},"sameAs":["https:\/\/www.facebook.com\/Walraven.GmbH","https:\/\/x.com\/BIS_Tech","https:\/\/www.youtube.com\/WalravenDE","https:\/\/www.linkedin.com\/company\/walraven-gmbh","https:\/\/www.instagram.com\/walraven.gmbh\/"]}]}},"_links":{"self":[{"href":"https:\/\/www.walraven.com\/de\/wp-json\/wp\/v2\/pages\/72006","targetHints":{"allow":["GET"]}}],"collection":[{"href":"https:\/\/www.walraven.com\/de\/wp-json\/wp\/v2\/pages"}],"about":[{"href":"https:\/\/www.walraven.com\/de\/wp-json\/wp\/v2\/types\/page"}],"author":[{"embeddable":true,"href":"https:\/\/www.walraven.com\/de\/wp-json\/wp\/v2\/users\/9"}],"replies":[{"embeddable":true,"href":"https:\/\/www.walraven.com\/de\/wp-json\/wp\/v2\/comments?post=72006"}],"version-history":[{"count":6,"href":"https:\/\/www.walraven.com\/de\/wp-json\/wp\/v2\/pages\/72006\/revisions"}],"predecessor-version":[{"id":72024,"href":"https:\/\/www.walraven.com\/de\/wp-json\/wp\/v2\/pages\/72006\/revisions\/72024"}],"up":[{"embeddable":true,"href":"https:\/\/www.walraven.com\/de\/wp-json\/wp\/v2\/pages\/71852"}],"wp:attachment":[{"href":"https:\/\/www.walraven.com\/de\/wp-json\/wp\/v2\/media?parent=72006"}],"curies":[{"name":"wp","href":"https:\/\/api.w.org\/{rel}","templated":true}]}}