{"id":81142,"date":"2022-09-06T12:07:38","date_gmt":"2022-09-06T10:07:38","guid":{"rendered":"https:\/\/www.walraven.com\/de\/?page_id=81142"},"modified":"2023-03-17T14:18:58","modified_gmt":"2023-03-17T13:18:58","slug":"pressemeldungen-shk-essen-2022","status":"publish","type":"page","link":"https:\/\/www.walraven.com\/de\/ueber-walraven\/aktuelles\/pressemitteilungen\/pressemeldungen-shk-essen-2022\/","title":{"rendered":"Pressemeldungen Herbst 2022 (SHK Essen 2022)"},"content":{"rendered":"<p>&nbsp;<\/p>\n<p><a href=\"https:\/\/www.walraven.com\/wp-content\/uploads\/sites\/4\/2022\/09\/Schachtwaende-abschotten.docx\">Schachtw\u00e4nde brandschutztechnisch erfolgreich abschotten &#8211; Rechtliche Vorgaben und wie sie fachgerecht in der Praxis umgesetzt werden k\u00f6nnen<\/a><\/p>\n<p><a href=\"https:\/\/www.walraven.com\/wp-content\/uploads\/sites\/4\/2022\/09\/Pacifyre\u00ae-AWM-II-Brandschutzmanschette-neu.docx\">Innovativer neuer Verschluss und Erweiterung des Einsatzgebietes der Walraven Pacifyre\u00ae AWM II Brandschutzmanschette &#8211; Die bew\u00e4hre Abschottung ged\u00e4mmter oder unged\u00e4mmter brennbarer und Mehrschichtverbundrohre ist jetzt noch einfacher und flexibler zu montieren<\/a><\/p>\n<p><a href=\"https:\/\/www.walraven.com\/wp-content\/uploads\/sites\/4\/2022\/09\/Walraven-Neuer-Gebietsverkaufsleiter-Nik-Kinder.docx\">Neuer Gebietsverkaufsleiter Hessen bei Walraven &#8211; Nik Kinder ist jetzt Ansprechpartner f\u00fcr den Gro\u00dfhandel und Projekte<\/a><\/p>\n<p><a href=\"https:\/\/www.walraven.com\/wp-content\/uploads\/sites\/4\/2022\/09\/Walraven-Neuer-Gebietsverkaufsleiter-Jonas-Peters.docx\">Neuer Gebietsverkaufsleiter Gro\u00dfhandel &amp; Projektgesch\u00e4ft bei Walraven &#8211; Jonas Peters folgt Nils Meyer als Walraven-Ansprechpartner im Norden Deutschlands<\/a><\/p>\n<p>&nbsp;<\/p>\n<h2><strong>Bildmaterial CMYK<\/strong><\/h2>\n<p><a href=\"https:\/\/www.walraven.com\/wp-content\/uploads\/sites\/4\/2022\/09\/Schachtwaende-abschotten.docx\">Schachtw\u00e4nde brandschutztechnisch erfolgreich abschotten &#8211; Rechtliche Vorgaben und wie sie fachgerecht in der Praxis umgesetzt werden k\u00f6nnen<\/a><\/p>\n<div id='gallery-1' class='gallery galleryid-81142 gallery-columns-5 gallery-size-thumbnail'><dl class='gallery-item'>\n\t\t\t<dt class='gallery-icon landscape'>\n\t\t\t\t<a href='https:\/\/www.walraven.com\/de\/ueber-walraven\/aktuelles\/pressemitteilungen\/pressemeldungen-shk-essen-2022\/schachtwaende-montagebild-schachtwandabschottung-pacifyre-mkii-cmyk\/'><img loading=\"lazy\" decoding=\"async\" width=\"150\" height=\"150\" src=\"https:\/\/www.walraven.com\/de\/wp-content\/uploads\/sites\/4\/2022\/09\/Schachtwaende-Montagebild-Schachtwandabschottung-Pacifyre-MKII-CMYK-150x150.jpg\" class=\"attachment-thumbnail size-thumbnail\" alt=\"Schachtwaende Montagebild Schachtwandabschottung Pacifyre MK2 Brandschutzmanschette\" aria-describedby=\"gallery-1-81159\" srcset=\"https:\/\/www.walraven.com\/de\/wp-content\/uploads\/sites\/4\/2022\/09\/Schachtwaende-Montagebild-Schachtwandabschottung-Pacifyre-MKII-CMYK-150x150.jpg 150w, https:\/\/www.walraven.com\/de\/wp-content\/uploads\/sites\/4\/2022\/09\/Schachtwaende-Montagebild-Schachtwandabschottung-Pacifyre-MKII-CMYK-60x60.jpg 60w, https:\/\/www.walraven.com\/de\/wp-content\/uploads\/sites\/4\/2022\/09\/Schachtwaende-Montagebild-Schachtwandabschottung-Pacifyre-MKII-CMYK-400x400.jpg 400w\" sizes=\"auto, (max-width: 150px) 100vw, 150px\" \/><\/a>\n\t\t\t<\/dt>\n\t\t\t\t<dd class='wp-caption-text gallery-caption' id='gallery-1-81159'>\n\t\t\t\tLeitungsanlagen auch in Schachtw\u00e4nden brandschutztechnisch regelgerecht abschotten. Quelle: Walraven\n\t\t\t\t<\/dd><\/dl><dl class='gallery-item'>\n\t\t\t<dt class='gallery-icon landscape'>\n\t\t\t\t<a href='https:\/\/www.walraven.com\/de\/ueber-walraven\/aktuelles\/pressemitteilungen\/pressemeldungen-shk-essen-2022\/schachtwaende-mkii-wand-cmyk\/'><img loading=\"lazy\" decoding=\"async\" width=\"150\" height=\"150\" src=\"https:\/\/www.walraven.com\/de\/wp-content\/uploads\/sites\/4\/2022\/09\/Schachtwaende-MKII-Wand-CMYK-150x150.jpg\" class=\"attachment-thumbnail size-thumbnail\" alt=\"\" aria-describedby=\"gallery-1-81158\" srcset=\"https:\/\/www.walraven.com\/de\/wp-content\/uploads\/sites\/4\/2022\/09\/Schachtwaende-MKII-Wand-CMYK-150x150.jpg 150w, https:\/\/www.walraven.com\/de\/wp-content\/uploads\/sites\/4\/2022\/09\/Schachtwaende-MKII-Wand-CMYK-60x60.jpg 60w, https:\/\/www.walraven.com\/de\/wp-content\/uploads\/sites\/4\/2022\/09\/Schachtwaende-MKII-Wand-CMYK-400x400.jpg 400w\" sizes=\"auto, (max-width: 150px) 100vw, 150px\" \/><\/a>\n\t\t\t<\/dt>\n\t\t\t\t<dd class='wp-caption-text gallery-caption' id='gallery-1-81158'>\n\t\t\t\tOhne zus\u00e4tzliche Befestigung mit der Walraven Pacifyre\u00ae MK II  Quelle: Walraven\t\t\t\t\tBrandschutzmanschette. Quelle Walraven\n\t\t\t\t<\/dd><\/dl><dl class='gallery-item'>\n\t\t\t<dt class='gallery-icon landscape'>\n\t\t\t\t<a href='https:\/\/www.walraven.com\/de\/ueber-walraven\/aktuelles\/pressemitteilungen\/pressemeldungen-shk-essen-2022\/schachtwaende-mkii-cmyk\/'><img loading=\"lazy\" decoding=\"async\" width=\"150\" height=\"150\" src=\"https:\/\/www.walraven.com\/de\/wp-content\/uploads\/sites\/4\/2022\/09\/Schachtwaende-MKII-CMYK-150x150.jpg\" class=\"attachment-thumbnail size-thumbnail\" alt=\"\" aria-describedby=\"gallery-1-81157\" srcset=\"https:\/\/www.walraven.com\/de\/wp-content\/uploads\/sites\/4\/2022\/09\/Schachtwaende-MKII-CMYK-150x150.jpg 150w, https:\/\/www.walraven.com\/de\/wp-content\/uploads\/sites\/4\/2022\/09\/Schachtwaende-MKII-CMYK-300x300.jpg 300w, https:\/\/www.walraven.com\/de\/wp-content\/uploads\/sites\/4\/2022\/09\/Schachtwaende-MKII-CMYK-768x766.jpg 768w, https:\/\/www.walraven.com\/de\/wp-content\/uploads\/sites\/4\/2022\/09\/Schachtwaende-MKII-CMYK-60x60.jpg 60w, https:\/\/www.walraven.com\/de\/wp-content\/uploads\/sites\/4\/2022\/09\/Schachtwaende-MKII-CMYK-400x400.jpg 400w, https:\/\/www.walraven.com\/de\/wp-content\/uploads\/sites\/4\/2022\/09\/Schachtwaende-MKII-CMYK-306x305.jpg 306w, https:\/\/www.walraven.com\/de\/wp-content\/uploads\/sites\/4\/2022\/09\/Schachtwaende-MKII-CMYK-382x381.jpg 382w, https:\/\/www.walraven.com\/de\/wp-content\/uploads\/sites\/4\/2022\/09\/Schachtwaende-MKII-CMYK.jpg 906w\" sizes=\"auto, (max-width: 150px) 100vw, 150px\" \/><\/a>\n\t\t\t<\/dt>\n\t\t\t\t<dd class='wp-caption-text gallery-caption' id='gallery-1-81157'>\n\t\t\t\tEine L\u00f6sungsm\u00f6glichkeit bei Schachtw\u00e4nden ist die Walraven Pacifyre\u00ae MK II Brandschutzman-schette. Quelle: Walraven\n\t\t\t\t<\/dd><\/dl><dl class='gallery-item'>\n\t\t\t<dt class='gallery-icon landscape'>\n\t\t\t\t<a href='https:\/\/www.walraven.com\/de\/ueber-walraven\/aktuelles\/pressemitteilungen\/pressemeldungen-shk-essen-2022\/presentation-title-goes-here-7\/'><img loading=\"lazy\" decoding=\"async\" width=\"150\" height=\"150\" src=\"https:\/\/www.walraven.com\/de\/wp-content\/uploads\/sites\/4\/2022\/09\/Schachtwaende-Lippe-5-CMYK-150x150.jpg\" class=\"attachment-thumbnail size-thumbnail\" alt=\"\" aria-describedby=\"gallery-1-81156\" srcset=\"https:\/\/www.walraven.com\/de\/wp-content\/uploads\/sites\/4\/2022\/09\/Schachtwaende-Lippe-5-CMYK-150x150.jpg 150w, https:\/\/www.walraven.com\/de\/wp-content\/uploads\/sites\/4\/2022\/09\/Schachtwaende-Lippe-5-CMYK-60x60.jpg 60w\" sizes=\"auto, (max-width: 150px) 100vw, 150px\" \/><\/a>\n\t\t\t<\/dt>\n\t\t\t\t<dd class='wp-caption-text gallery-caption' id='gallery-1-81156'>\n\t\t\t\tErl\u00e4uterungen zur Abbildung \u201eAusgestaltung bei leichten Schachtwand-Konstruktionen\u201c. Quelle: Kommentar zur MLAR (Lippe, Czepuck, M\u00f6ller, Reintsema)\n\t\t\t\t<\/dd><\/dl><dl class='gallery-item'>\n\t\t\t<dt class='gallery-icon landscape'>\n\t\t\t\t<a href='https:\/\/www.walraven.com\/de\/ueber-walraven\/aktuelles\/pressemitteilungen\/pressemeldungen-shk-essen-2022\/presentation-title-goes-here-6\/'><img loading=\"lazy\" decoding=\"async\" width=\"150\" height=\"150\" src=\"https:\/\/www.walraven.com\/de\/wp-content\/uploads\/sites\/4\/2022\/09\/Schachtwaende-Lippe-4-CMYK-150x150.jpg\" class=\"attachment-thumbnail size-thumbnail\" alt=\"\" aria-describedby=\"gallery-1-81155\" srcset=\"https:\/\/www.walraven.com\/de\/wp-content\/uploads\/sites\/4\/2022\/09\/Schachtwaende-Lippe-4-CMYK-150x150.jpg 150w, https:\/\/www.walraven.com\/de\/wp-content\/uploads\/sites\/4\/2022\/09\/Schachtwaende-Lippe-4-CMYK-60x60.jpg 60w\" sizes=\"auto, (max-width: 150px) 100vw, 150px\" \/><\/a>\n\t\t\t<\/dt>\n\t\t\t\t<dd class='wp-caption-text gallery-caption' id='gallery-1-81155'>\n\t\t\t\tErl\u00e4uterungen zur Abbildung \u201eAusgestaltung bei leichten Schachtwand-Konstruktionen\u201c. Quelle: Kommentar zur MLAR (Lippe, Czepuck, M\u00f6ller, Reintsema)\n\t\t\t\t<\/dd><\/dl><br style=\"clear: both\" \/><dl class='gallery-item'>\n\t\t\t<dt class='gallery-icon portrait'>\n\t\t\t\t<a href='https:\/\/www.walraven.com\/de\/ueber-walraven\/aktuelles\/pressemitteilungen\/pressemeldungen-shk-essen-2022\/presentation-title-goes-here-5\/'><img loading=\"lazy\" decoding=\"async\" width=\"150\" height=\"150\" src=\"https:\/\/www.walraven.com\/de\/wp-content\/uploads\/sites\/4\/2022\/09\/Schachtwaende-Lippe-3-CMYK-150x150.jpg\" class=\"attachment-thumbnail size-thumbnail\" alt=\"\" aria-describedby=\"gallery-1-81154\" srcset=\"https:\/\/www.walraven.com\/de\/wp-content\/uploads\/sites\/4\/2022\/09\/Schachtwaende-Lippe-3-CMYK-150x150.jpg 150w, https:\/\/www.walraven.com\/de\/wp-content\/uploads\/sites\/4\/2022\/09\/Schachtwaende-Lippe-3-CMYK-60x60.jpg 60w, https:\/\/www.walraven.com\/de\/wp-content\/uploads\/sites\/4\/2022\/09\/Schachtwaende-Lippe-3-CMYK-400x400.jpg 400w\" sizes=\"auto, (max-width: 150px) 100vw, 150px\" \/><\/a>\n\t\t\t<\/dt>\n\t\t\t\t<dd class='wp-caption-text gallery-caption' id='gallery-1-81154'>\n\t\t\t\tAusgestaltung bei leichten Schachtwand-Konstruktionen. Quelle: Kommentar zur MLAR (Lippe, Czepuck, M\u00f6ller, Reintsema)\n\t\t\t\t<\/dd><\/dl><dl class='gallery-item'>\n\t\t\t<dt class='gallery-icon landscape'>\n\t\t\t\t<a href='https:\/\/www.walraven.com\/de\/ueber-walraven\/aktuelles\/pressemitteilungen\/pressemeldungen-shk-essen-2022\/presentation-title-goes-here-4\/'><img loading=\"lazy\" decoding=\"async\" width=\"150\" height=\"150\" src=\"https:\/\/www.walraven.com\/de\/wp-content\/uploads\/sites\/4\/2022\/09\/Schachtwaende-Lippe-2-CMYK-150x150.jpg\" class=\"attachment-thumbnail size-thumbnail\" alt=\"\" aria-describedby=\"gallery-1-81153\" srcset=\"https:\/\/www.walraven.com\/de\/wp-content\/uploads\/sites\/4\/2022\/09\/Schachtwaende-Lippe-2-CMYK-150x150.jpg 150w, https:\/\/www.walraven.com\/de\/wp-content\/uploads\/sites\/4\/2022\/09\/Schachtwaende-Lippe-2-CMYK-60x60.jpg 60w, https:\/\/www.walraven.com\/de\/wp-content\/uploads\/sites\/4\/2022\/09\/Schachtwaende-Lippe-2-CMYK-400x400.jpg 400w\" sizes=\"auto, (max-width: 150px) 100vw, 150px\" \/><\/a>\n\t\t\t<\/dt>\n\t\t\t\t<dd class='wp-caption-text gallery-caption' id='gallery-1-81153'>\n\t\t\t\tAusgestaltung bei brennbaren Rohrleitungen. Quelle: Kommentar zur MLAR (Lippe, Czepuck, M\u00f6ller, Reintsema)\n\t\t\t\t<\/dd><\/dl><dl class='gallery-item'>\n\t\t\t<dt class='gallery-icon landscape'>\n\t\t\t\t<a href='https:\/\/www.walraven.com\/de\/ueber-walraven\/aktuelles\/pressemitteilungen\/pressemeldungen-shk-essen-2022\/presentation-title-goes-here-3\/'><img loading=\"lazy\" decoding=\"async\" width=\"150\" height=\"150\" src=\"https:\/\/www.walraven.com\/de\/wp-content\/uploads\/sites\/4\/2022\/09\/Schachtwaende-Lippe-1-CMYK-150x150.jpg\" class=\"attachment-thumbnail size-thumbnail\" alt=\"\" aria-describedby=\"gallery-1-81152\" srcset=\"https:\/\/www.walraven.com\/de\/wp-content\/uploads\/sites\/4\/2022\/09\/Schachtwaende-Lippe-1-CMYK-150x150.jpg 150w, https:\/\/www.walraven.com\/de\/wp-content\/uploads\/sites\/4\/2022\/09\/Schachtwaende-Lippe-1-CMYK-60x60.jpg 60w, https:\/\/www.walraven.com\/de\/wp-content\/uploads\/sites\/4\/2022\/09\/Schachtwaende-Lippe-1-CMYK-400x400.jpg 400w\" sizes=\"auto, (max-width: 150px) 100vw, 150px\" \/><\/a>\n\t\t\t<\/dt>\n\t\t\t\t<dd class='wp-caption-text gallery-caption' id='gallery-1-81152'>\n\t\t\t\tAusgestaltung bei nicht brennbaren Rohrleitungen. Quelle: Kommentar zur MLAR (Lippe, Czepuck, M\u00f6ller, Reintsema)\n\t\t\t\t<\/dd><\/dl><dl class='gallery-item'>\n\t\t\t<dt class='gallery-icon landscape'>\n\t\t\t\t<a href='https:\/\/www.walraven.com\/de\/ueber-walraven\/aktuelles\/pressemitteilungen\/pressemeldungen-shk-essen-2022\/cusersjschmitzwalraventechnik-projekte-2022_js-047-js_ze-2\/'><img loading=\"lazy\" decoding=\"async\" width=\"150\" height=\"150\" src=\"https:\/\/www.walraven.com\/de\/wp-content\/uploads\/sites\/4\/2022\/09\/Schachtwaende-einseitig-aufgedoppelte-MKII-CMYK-150x150.jpg\" class=\"attachment-thumbnail size-thumbnail\" alt=\"\" aria-describedby=\"gallery-1-81151\" srcset=\"https:\/\/www.walraven.com\/de\/wp-content\/uploads\/sites\/4\/2022\/09\/Schachtwaende-einseitig-aufgedoppelte-MKII-CMYK-150x150.jpg 150w, https:\/\/www.walraven.com\/de\/wp-content\/uploads\/sites\/4\/2022\/09\/Schachtwaende-einseitig-aufgedoppelte-MKII-CMYK-60x60.jpg 60w, https:\/\/www.walraven.com\/de\/wp-content\/uploads\/sites\/4\/2022\/09\/Schachtwaende-einseitig-aufgedoppelte-MKII-CMYK-400x400.jpg 400w\" sizes=\"auto, (max-width: 150px) 100vw, 150px\" \/><\/a>\n\t\t\t<\/dt>\n\t\t\t\t<dd class='wp-caption-text gallery-caption' id='gallery-1-81151'>\n\t\t\t\tDie Walraven Pacifyre\u00ae MK II Brandschutzmanschette als L\u00f6sung bei einseitig aufgedoppelten Schachtw\u00e4nden. Quelle: Walraven\n\t\t\t\t<\/dd><\/dl><dl class='gallery-item'>\n\t\t\t<dt class='gallery-icon landscape'>\n\t\t\t\t<a href='https:\/\/www.walraven.com\/de\/ueber-walraven\/aktuelles\/pressemitteilungen\/pressemeldungen-shk-essen-2022\/presentation-title-goes-here-2\/'><img loading=\"lazy\" decoding=\"async\" width=\"150\" height=\"150\" src=\"https:\/\/www.walraven.com\/de\/wp-content\/uploads\/sites\/4\/2022\/09\/Schachtwaende-Einbauskizze-CMYK-150x150.jpg\" class=\"attachment-thumbnail size-thumbnail\" alt=\"\" aria-describedby=\"gallery-1-81150\" srcset=\"https:\/\/www.walraven.com\/de\/wp-content\/uploads\/sites\/4\/2022\/09\/Schachtwaende-Einbauskizze-CMYK-150x150.jpg 150w, https:\/\/www.walraven.com\/de\/wp-content\/uploads\/sites\/4\/2022\/09\/Schachtwaende-Einbauskizze-CMYK-60x60.jpg 60w, https:\/\/www.walraven.com\/de\/wp-content\/uploads\/sites\/4\/2022\/09\/Schachtwaende-Einbauskizze-CMYK-400x400.jpg 400w\" sizes=\"auto, (max-width: 150px) 100vw, 150px\" \/><\/a>\n\t\t\t<\/dt>\n\t\t\t\t<dd class='wp-caption-text gallery-caption' id='gallery-1-81150'>\n\t\t\t\tAuch Fugenverf\u00fcllungen legt die aBG,\t\tDie f\u00fcr Wand und Decke geltenden aBG-Vorgaben ange-wendet. abh\u00e4ngig von der Fugenbreite, fest.\t\tQuelle: Walraven Quelle: Walraven\n\t\t\t\t<\/dd><\/dl><br style=\"clear: both\" \/><dl class='gallery-item'>\n\t\t\t<dt class='gallery-icon landscape'>\n\t\t\t\t<a href='https:\/\/www.walraven.com\/de\/ueber-walraven\/aktuelles\/pressemitteilungen\/pressemeldungen-shk-essen-2022\/cusersjschmitzwalraventechnik-projekte-2022_js-047-js_ze\/'><img loading=\"lazy\" decoding=\"async\" width=\"150\" height=\"150\" src=\"https:\/\/www.walraven.com\/de\/wp-content\/uploads\/sites\/4\/2022\/09\/Schachtwaende-beidseitig-aufgedoppelte-MKII-CMYK-150x150.jpg\" class=\"attachment-thumbnail size-thumbnail\" alt=\"\" aria-describedby=\"gallery-1-81149\" srcset=\"https:\/\/www.walraven.com\/de\/wp-content\/uploads\/sites\/4\/2022\/09\/Schachtwaende-beidseitig-aufgedoppelte-MKII-CMYK-150x150.jpg 150w, https:\/\/www.walraven.com\/de\/wp-content\/uploads\/sites\/4\/2022\/09\/Schachtwaende-beidseitig-aufgedoppelte-MKII-CMYK-60x60.jpg 60w, https:\/\/www.walraven.com\/de\/wp-content\/uploads\/sites\/4\/2022\/09\/Schachtwaende-beidseitig-aufgedoppelte-MKII-CMYK-400x400.jpg 400w\" sizes=\"auto, (max-width: 150px) 100vw, 150px\" \/><\/a>\n\t\t\t<\/dt>\n\t\t\t\t<dd class='wp-caption-text gallery-caption' id='gallery-1-81149'>\n\t\t\t\tDie L\u00f6sung mit einer Walraven Pacifyre\u00ae MK II Brandschutzmanschette bei beidseitig aufgedoppelten Schachtw\u00e4nden. Quelle: Walraven\n\t\t\t\t<\/dd><\/dl><dl class='gallery-item'>\n\t\t\t<dt class='gallery-icon landscape'>\n\t\t\t\t<a href='https:\/\/www.walraven.com\/de\/ueber-walraven\/aktuelles\/pressemitteilungen\/pressemeldungen-shk-essen-2022\/schachtwaende-awmii_wand-detail-cmyk\/'><img loading=\"lazy\" decoding=\"async\" width=\"150\" height=\"150\" src=\"https:\/\/www.walraven.com\/de\/wp-content\/uploads\/sites\/4\/2022\/09\/Schachtwaende-AWMII_Wand-Detail-CMYK-150x150.jpg\" class=\"attachment-thumbnail size-thumbnail\" alt=\"\" aria-describedby=\"gallery-1-81148\" srcset=\"https:\/\/www.walraven.com\/de\/wp-content\/uploads\/sites\/4\/2022\/09\/Schachtwaende-AWMII_Wand-Detail-CMYK-150x150.jpg 150w, https:\/\/www.walraven.com\/de\/wp-content\/uploads\/sites\/4\/2022\/09\/Schachtwaende-AWMII_Wand-Detail-CMYK-60x60.jpg 60w, https:\/\/www.walraven.com\/de\/wp-content\/uploads\/sites\/4\/2022\/09\/Schachtwaende-AWMII_Wand-Detail-CMYK-400x400.jpg 400w\" sizes=\"auto, (max-width: 150px) 100vw, 150px\" \/><\/a>\n\t\t\t<\/dt>\n\t\t\t\t<dd class='wp-caption-text gallery-caption' id='gallery-1-81148'>\n\t\t\t\tBefestigung mittels Gewindestab. Quelle: Walraven\n\t\t\t\t<\/dd><\/dl><dl class='gallery-item'>\n\t\t\t<dt class='gallery-icon landscape'>\n\t\t\t\t<a href='https:\/\/www.walraven.com\/de\/ueber-walraven\/aktuelles\/pressemitteilungen\/pressemeldungen-shk-essen-2022\/schachtwaende-awmii_wand-cmyk\/'><img loading=\"lazy\" decoding=\"async\" width=\"150\" height=\"150\" src=\"https:\/\/www.walraven.com\/de\/wp-content\/uploads\/sites\/4\/2022\/09\/Schachtwaende-AWMII_Wand-CMYK-150x150.jpg\" class=\"attachment-thumbnail size-thumbnail\" alt=\"\" aria-describedby=\"gallery-1-81147\" srcset=\"https:\/\/www.walraven.com\/de\/wp-content\/uploads\/sites\/4\/2022\/09\/Schachtwaende-AWMII_Wand-CMYK-150x150.jpg 150w, https:\/\/www.walraven.com\/de\/wp-content\/uploads\/sites\/4\/2022\/09\/Schachtwaende-AWMII_Wand-CMYK-60x60.jpg 60w, https:\/\/www.walraven.com\/de\/wp-content\/uploads\/sites\/4\/2022\/09\/Schachtwaende-AWMII_Wand-CMYK-400x400.jpg 400w\" sizes=\"auto, (max-width: 150px) 100vw, 150px\" \/><\/a>\n\t\t\t<\/dt>\n\t\t\t\t<dd class='wp-caption-text gallery-caption' id='gallery-1-81147'>\n\t\t\t\tDie f\u00fcr Wand und Decke geltenden aBG-Vorgaben angewendet. Quelle: Walraven\n\t\t\t\t<\/dd><\/dl><dl class='gallery-item'>\n\t\t\t<dt class='gallery-icon landscape'>\n\t\t\t\t<a href='https:\/\/www.walraven.com\/de\/ueber-walraven\/aktuelles\/pressemitteilungen\/pressemeldungen-shk-essen-2022\/presentation-title-goes-here\/'><img loading=\"lazy\" decoding=\"async\" width=\"150\" height=\"150\" src=\"https:\/\/www.walraven.com\/de\/wp-content\/uploads\/sites\/4\/2022\/09\/Schachtwaende-Ausschnitt-aBG-CMYK-150x150.jpg\" class=\"attachment-thumbnail size-thumbnail\" alt=\"\" aria-describedby=\"gallery-1-81146\" srcset=\"https:\/\/www.walraven.com\/de\/wp-content\/uploads\/sites\/4\/2022\/09\/Schachtwaende-Ausschnitt-aBG-CMYK-150x150.jpg 150w, https:\/\/www.walraven.com\/de\/wp-content\/uploads\/sites\/4\/2022\/09\/Schachtwaende-Ausschnitt-aBG-CMYK-60x60.jpg 60w, https:\/\/www.walraven.com\/de\/wp-content\/uploads\/sites\/4\/2022\/09\/Schachtwaende-Ausschnitt-aBG-CMYK-400x400.jpg 400w\" sizes=\"auto, (max-width: 150px) 100vw, 150px\" \/><\/a>\n\t\t\t<\/dt>\n\t\t\t\t<dd class='wp-caption-text gallery-caption' id='gallery-1-81146'>\n\t\t\t\tAn- bzw. Verwendbarkeitsnachweise informieren \u00fcber Materialst\u00e4rken. Hier ein Ausschnitt aus der allgemeinen Bauartgenehmigung (aBG) der Walraven Pacifyre\u00ae AWM II (Z-19.53-2331). Quelle: Walraven\n\t\t\t\t<\/dd><\/dl><dl class='gallery-item'>\n\t\t\t<dt class='gallery-icon portrait'>\n\t\t\t\t<a href='https:\/\/www.walraven.com\/de\/ueber-walraven\/aktuelles\/pressemitteilungen\/pressemeldungen-shk-essen-2022\/walraven-karl-heinz-ullrich-cmyk\/'><img loading=\"lazy\" decoding=\"async\" width=\"150\" height=\"150\" src=\"https:\/\/www.walraven.com\/de\/wp-content\/uploads\/sites\/4\/2022\/09\/Walraven-Karl-Heinz-Ullrich-CMYK-150x150.jpg\" class=\"attachment-thumbnail size-thumbnail\" alt=\"Portr\u00e4tfoto von Karl-Heinz Ullrich, Anwendungstechnik Brandschutz | Sachverst\u00e4ndiger und Fachplaner f\u00fcr geb\u00e4udetechnischen Brandschutz (EIPOS), Deutschland, \u00d6sterreich, Schweiz. Abgebildet ist eine Person mit Brille in einem wei\u00dfen Hemd vor einem neutralen Hintergrund.\" aria-describedby=\"gallery-1-81161\" srcset=\"https:\/\/www.walraven.com\/de\/wp-content\/uploads\/sites\/4\/2022\/09\/Walraven-Karl-Heinz-Ullrich-CMYK-150x150.jpg 150w, https:\/\/www.walraven.com\/de\/wp-content\/uploads\/sites\/4\/2022\/09\/Walraven-Karl-Heinz-Ullrich-CMYK-60x60.jpg 60w, https:\/\/www.walraven.com\/de\/wp-content\/uploads\/sites\/4\/2022\/09\/Walraven-Karl-Heinz-Ullrich-CMYK-400x400.jpg 400w\" sizes=\"auto, (max-width: 150px) 100vw, 150px\" \/><\/a>\n\t\t\t<\/dt>\n\t\t\t\t<dd class='wp-caption-text gallery-caption' id='gallery-1-81161'>\n\t\t\t\tKarl-Heinz Ullrich, Sachverst\u00e4ndiger f\u00fcr geb\u00e4udetechnischen Brandschutz (EIPOS), Anwendungstechnik Brandschutz, Walraven GmbH.  Quelle: Walraven\n\t\t\t\t<\/dd><\/dl><br style=\"clear: both\" \/>\n\t\t<\/div>\n\n<p>&nbsp;<\/p>\n<p>&nbsp;<\/p>\n<p><a href=\"https:\/\/www.walraven.com\/wp-content\/uploads\/sites\/4\/2022\/09\/Pacifyre\u00ae-AWM-II-Brandschutzmanschette-neu.docx\" target=\"_blank\" rel=\"noopener\">Innovativer neuer Verschluss und Erweiterung des Einsatzgebietes der Walraven Pacifyre\u00ae AWM II Brandschutzmanschette &#8211; Die bew\u00e4hre Abschottung ged\u00e4mmter oder unged\u00e4mmter brennbarer und Mehrschichtverbundrohre ist jetzt noch einfacher und flexibler zu montieren<\/a><\/p>\n<div id='gallery-2' class='gallery galleryid-81142 gallery-columns-3 gallery-size-thumbnail'><dl class='gallery-item'>\n\t\t\t<dt class='gallery-icon landscape'>\n\t\t\t\t<a href='https:\/\/www.walraven.com\/de\/ueber-walraven\/aktuelles\/pressemitteilungen\/pressemeldungen-shk-essen-2022\/pacifyre-awm-ii-brandschutzmanschette-neu-produktbild_cmyk\/'><img loading=\"lazy\" decoding=\"async\" width=\"150\" height=\"150\" src=\"https:\/\/www.walraven.com\/de\/wp-content\/uploads\/sites\/4\/2022\/09\/Pacifyre\u00ae-AWM-II-Brandschutzmanschette-neu-Produktbild_CMYK-150x150.jpg\" class=\"attachment-thumbnail size-thumbnail\" alt=\"\" aria-describedby=\"gallery-2-81145\" srcset=\"https:\/\/www.walraven.com\/de\/wp-content\/uploads\/sites\/4\/2022\/09\/Pacifyre\u00ae-AWM-II-Brandschutzmanschette-neu-Produktbild_CMYK-150x150.jpg 150w, https:\/\/www.walraven.com\/de\/wp-content\/uploads\/sites\/4\/2022\/09\/Pacifyre\u00ae-AWM-II-Brandschutzmanschette-neu-Produktbild_CMYK-60x60.jpg 60w, https:\/\/www.walraven.com\/de\/wp-content\/uploads\/sites\/4\/2022\/09\/Pacifyre\u00ae-AWM-II-Brandschutzmanschette-neu-Produktbild_CMYK-400x400.jpg 400w\" sizes=\"auto, (max-width: 150px) 100vw, 150px\" \/><\/a>\n\t\t\t<\/dt>\n\t\t\t\t<dd class='wp-caption-text gallery-caption' id='gallery-2-81145'>\n\t\t\t\tDie Pacifyre\u00ae AWM II Brandschutzmanschette schottet brennbare Rohre und ged\u00e4mmte Mehrschichtverbundrohre jetzt noch variabler in R90-Qualit\u00e4t ab. Quelle: Walraven\n\t\t\t\t<\/dd><\/dl><dl class='gallery-item'>\n\t\t\t<dt class='gallery-icon landscape'>\n\t\t\t\t<a href='https:\/\/www.walraven.com\/de\/ueber-walraven\/aktuelles\/pressemitteilungen\/pressemeldungen-shk-essen-2022\/pacifyre-awm-ii-brandschutzmanschette-neu-offen_cmyk\/'><img loading=\"lazy\" decoding=\"async\" width=\"150\" height=\"150\" src=\"https:\/\/www.walraven.com\/de\/wp-content\/uploads\/sites\/4\/2022\/09\/Pacifyre\u00ae-AWM-II-Brandschutzmanschette-neu-offen_CMYK-150x150.jpg\" class=\"attachment-thumbnail size-thumbnail\" alt=\"\" aria-describedby=\"gallery-2-81164\" srcset=\"https:\/\/www.walraven.com\/de\/wp-content\/uploads\/sites\/4\/2022\/09\/Pacifyre\u00ae-AWM-II-Brandschutzmanschette-neu-offen_CMYK-150x150.jpg 150w, https:\/\/www.walraven.com\/de\/wp-content\/uploads\/sites\/4\/2022\/09\/Pacifyre\u00ae-AWM-II-Brandschutzmanschette-neu-offen_CMYK-60x60.jpg 60w, https:\/\/www.walraven.com\/de\/wp-content\/uploads\/sites\/4\/2022\/09\/Pacifyre\u00ae-AWM-II-Brandschutzmanschette-neu-offen_CMYK-400x400.jpg 400w\" sizes=\"auto, (max-width: 150px) 100vw, 150px\" \/><\/a>\n\t\t\t<\/dt>\n\t\t\t\t<dd class='wp-caption-text gallery-caption' id='gallery-2-81164'>\n\t\t\t\tDank verschiedener Verschlussm\u00f6glichkeiten noch flexibler: Die Pacifyre\u00ae AWM II Brandschutzmanschette von Walraven. Quelle: Walraven\n\t\t\t\t<\/dd><\/dl><dl class='gallery-item'>\n\t\t\t<dt class='gallery-icon landscape'>\n\t\t\t\t<a href='https:\/\/www.walraven.com\/de\/ueber-walraven\/aktuelles\/pressemitteilungen\/pressemeldungen-shk-essen-2022\/pacifyre-awm-ii-brandschutzmanschette-neu-details_cmyk-2\/'><img loading=\"lazy\" decoding=\"async\" width=\"150\" height=\"150\" src=\"https:\/\/www.walraven.com\/de\/wp-content\/uploads\/sites\/4\/2022\/09\/Pacifyre\u00ae-AWM-II-Brandschutzmanschette-neu-Details_CMYK-1-150x150.jpg\" class=\"attachment-thumbnail size-thumbnail\" alt=\"\" aria-describedby=\"gallery-2-81163\" srcset=\"https:\/\/www.walraven.com\/de\/wp-content\/uploads\/sites\/4\/2022\/09\/Pacifyre\u00ae-AWM-II-Brandschutzmanschette-neu-Details_CMYK-1-150x150.jpg 150w, https:\/\/www.walraven.com\/de\/wp-content\/uploads\/sites\/4\/2022\/09\/Pacifyre\u00ae-AWM-II-Brandschutzmanschette-neu-Details_CMYK-1-60x60.jpg 60w, https:\/\/www.walraven.com\/de\/wp-content\/uploads\/sites\/4\/2022\/09\/Pacifyre\u00ae-AWM-II-Brandschutzmanschette-neu-Details_CMYK-1-400x400.jpg 400w\" sizes=\"auto, (max-width: 150px) 100vw, 150px\" \/><\/a>\n\t\t\t<\/dt>\n\t\t\t\t<dd class='wp-caption-text gallery-caption' id='gallery-2-81163'>\n\t\t\t\tDank verschiedener Verschlussm\u00f6glichkeiten noch flexibler: Die Pacifyre\u00ae AWM II Brandschutzmanschette von Walraven. Quelle: Walraven\n\t\t\t\t<\/dd><\/dl><br style=\"clear: both\" \/>\n\t\t<\/div>\n\n<p>&nbsp;<\/p>\n<p><a href=\"https:\/\/www.walraven.com\/wp-content\/uploads\/sites\/4\/2022\/09\/Walraven-Neuer-Gebietsverkaufsleiter-Nik-Kinder.docx\">Neuer Gebietsverkaufsleiter Hessen bei Walraven &#8211; Nik Kinder ist jetzt Ansprechpartner f\u00fcr den Gro\u00dfhandel und Projekte<\/a><\/p>\n<p><a href=\"https:\/\/www.walraven.com\/wp-content\/uploads\/sites\/4\/2022\/09\/Walraven-Neuer-Gebietsverkaufsleiter-Jonas-Peters.docx\">Neuer Gebietsverkaufsleiter Gro\u00dfhandel &amp; Projektgesch\u00e4ft bei Walraven &#8211; Jonas Peters folgt Nils Meyer als Walraven-Ansprechpartner im Norden Deutschlands<\/a><\/p>\n<div id='gallery-3' class='gallery galleryid-81142 gallery-columns-3 gallery-size-thumbnail'><dl class='gallery-item'>\n\t\t\t<dt class='gallery-icon portrait'>\n\t\t\t\t<a href='https:\/\/www.walraven.com\/de\/ueber-walraven\/aktuelles\/pressemitteilungen\/pressemeldungen-shk-essen-2022\/walraven-nik-kinder-cmyk\/'><img loading=\"lazy\" decoding=\"async\" width=\"150\" height=\"150\" src=\"https:\/\/www.walraven.com\/de\/wp-content\/uploads\/sites\/4\/2022\/09\/Walraven-Nik-Kinder-CMYK-150x150.jpg\" class=\"attachment-thumbnail size-thumbnail\" alt=\"Portr\u00e4tfoto von Nik Kinder, staatlich gepr\u00fcfter Techniker (Metallbau), Gebietsverkaufsleiter Gro\u00dfhandel &amp; Projektgesch\u00e4ft sowie Fachplaner f\u00fcr geb\u00e4udetechnischen Brandschutz (EIPOS) in Hessen. Er tr\u00e4gt ein dunkelblaues Hemd mit wei\u00dfem Kragen vor einem hellgrauen Hintergrund.\" aria-describedby=\"gallery-3-81162\" srcset=\"https:\/\/www.walraven.com\/de\/wp-content\/uploads\/sites\/4\/2022\/09\/Walraven-Nik-Kinder-CMYK-150x150.jpg 150w, https:\/\/www.walraven.com\/de\/wp-content\/uploads\/sites\/4\/2022\/09\/Walraven-Nik-Kinder-CMYK-60x60.jpg 60w, https:\/\/www.walraven.com\/de\/wp-content\/uploads\/sites\/4\/2022\/09\/Walraven-Nik-Kinder-CMYK-400x400.jpg 400w\" sizes=\"auto, (max-width: 150px) 100vw, 150px\" \/><\/a>\n\t\t\t<\/dt>\n\t\t\t\t<dd class='wp-caption-text gallery-caption' id='gallery-3-81162'>\n\t\t\t\tNik Kinder ist neuer Walraven-Gebietsverkaufsleiter Gro\u00dfhandel &amp; Projektgesch\u00e4ft in Hessen. Quelle: Walraven\n\t\t\t\t<\/dd><\/dl><dl class='gallery-item'>\n\t\t\t<dt class='gallery-icon portrait'>\n\t\t\t\t<a href='https:\/\/www.walraven.com\/de\/ueber-walraven\/aktuelles\/pressemitteilungen\/pressemeldungen-shk-essen-2022\/walraven-jonas-peters-cmyk\/'><img loading=\"lazy\" decoding=\"async\" width=\"150\" height=\"150\" src=\"https:\/\/www.walraven.com\/de\/wp-content\/uploads\/sites\/4\/2022\/09\/Walraven-Jonas-Peters-CMYK-150x150.jpg\" class=\"attachment-thumbnail size-thumbnail\" alt=\"Portr\u00e4taufnahme von Jonas Peters, Gebietsverkaufsleiter Gro\u00dfhandel &amp; Projektgesch\u00e4ft sowie Fachplaner f\u00fcr geb\u00e4udetechnischen Brandschutz (EIPOS) in Hamburg, Schleswig-Holstein und Mecklenburg-Vorpommern, in hellblauem Hemd vor neutralem Hintergrund.\" aria-describedby=\"gallery-3-81160\" srcset=\"https:\/\/www.walraven.com\/de\/wp-content\/uploads\/sites\/4\/2022\/09\/Walraven-Jonas-Peters-CMYK-150x150.jpg 150w, https:\/\/www.walraven.com\/de\/wp-content\/uploads\/sites\/4\/2022\/09\/Walraven-Jonas-Peters-CMYK-60x60.jpg 60w, https:\/\/www.walraven.com\/de\/wp-content\/uploads\/sites\/4\/2022\/09\/Walraven-Jonas-Peters-CMYK-400x400.jpg 400w\" sizes=\"auto, (max-width: 150px) 100vw, 150px\" \/><\/a>\n\t\t\t<\/dt>\n\t\t\t\t<dd class='wp-caption-text gallery-caption' id='gallery-3-81160'>\n\t\t\t\tJonas Peters ist neuer Walraven-Gebietsverkaufsleiter Gro\u00dfhandel &amp; Projektgesch\u00e4ft f\u00fcr Hamburg, Schleswig-Holstein und Mecklenburg-Vorpommern. Quelle: Walraven\n\t\t\t\t<\/dd><\/dl>\n\t\t\t<br style='clear: both' \/>\n\t\t<\/div>\n\n<p><strong>M\u00f6chten Sie Bildmaterial in RGB-Qualit\u00e4t oder weitere Informationen<\/strong>, wenden Sie sich bitte an Frau P\u00f6hlmann (<a href=\"mailto:gabriele.poehlmann@walraven.com\">gabriele.poehlmann@walraven.com<\/a>).<\/p>\n<p>Besten Dank und herzliche Gr\u00fc\u00dfe<\/p>\n<p><strong>Ihr Walraven-Presseteam<\/strong><\/p>\n","protected":false},"excerpt":{"rendered":"<p>&nbsp; Schachtw\u00e4nde brandschutztechnisch erfolgreich abschotten &#8211; Rechtliche Vorgaben und wie sie fachgerecht in der Praxis umgesetzt werden k\u00f6nnen Innovativer neuer Verschluss und Erweiterung des Einsatzgebietes der Walraven Pacifyre\u00ae AWM II Brandschutzmanschette &#8211; Die bew\u00e4hre Abschottung ged\u00e4mmter oder unged\u00e4mmter brennbarer und Mehrschichtverbundrohre ist jetzt noch einfacher und flexibler zu montieren Neuer Gebietsverkaufsleiter Hessen bei Walraven &#8211; [&hellip;]<\/p>\n","protected":false},"author":49,"featured_media":0,"parent":71855,"menu_order":0,"comment_status":"closed","ping_status":"closed","template":"","meta":{"_acf_changed":false,"footnotes":""},"class_list":["post-81142","page","type-page","status-publish","hentry"],"acf":[],"yoast_head":"<!-- This site is optimized with the Yoast SEO Premium plugin v27.3 (Yoast SEO v27.3) - https:\/\/yoast.com\/product\/yoast-seo-premium-wordpress\/ -->\n<title>Pressemeldungen Herbst 2022 (SHK Essen 2022) - Walraven Deutschland<\/title>\n<meta name=\"description\" content=\"Ganz aktuell: Die neu \u00fcberarbeitete Pacifyre\u00ae AWM II Brandschutzmanschette, zwei neue Gebietsverkaufsleiter und ein Brandschutz-Fachbeitrag.\" \/>\n<meta name=\"robots\" content=\"index, follow, max-snippet:-1, max-image-preview:large, max-video-preview:-1\" \/>\n<link rel=\"canonical\" href=\"https:\/\/www.walraven.com\/de\/ueber-walraven\/aktuelles\/pressemitteilungen\/pressemeldungen-shk-essen-2022\/\" \/>\n<meta property=\"og:locale\" content=\"de_DE\" \/>\n<meta property=\"og:type\" content=\"article\" \/>\n<meta property=\"og:title\" content=\"Pressemeldungen Herbst 2022 (SHK Essen 2022)\" \/>\n<meta property=\"og:description\" content=\"Ganz aktuell: Die neu \u00fcberarbeitete Pacifyre\u00ae AWM II Brandschutzmanschette, zwei neue Gebietsverkaufsleiter und ein Brandschutz-Fachbeitrag.\" \/>\n<meta property=\"og:url\" content=\"https:\/\/www.walraven.com\/de\/ueber-walraven\/aktuelles\/pressemitteilungen\/pressemeldungen-shk-essen-2022\/\" \/>\n<meta property=\"og:site_name\" content=\"Walraven Deutschland\" \/>\n<meta property=\"article:publisher\" content=\"https:\/\/www.facebook.com\/Walraven.GmbH\" \/>\n<meta property=\"article:modified_time\" content=\"2023-03-17T13:18:58+00:00\" \/>\n<meta property=\"og:image\" content=\"https:\/\/www.walraven.com\/de\/wp-content\/uploads\/sites\/4\/2022\/09\/Schachtwaende-Montagebild-Schachtwandabschottung-Pacifyre-MKII-CMYK-150x150.jpg\" \/>\n<meta name=\"twitter:card\" content=\"summary_large_image\" \/>\n<meta name=\"twitter:site\" content=\"@BIS_Tech\" \/>\n<meta name=\"twitter:label1\" content=\"Gesch\u00e4tzte Lesezeit\" \/>\n\t<meta name=\"twitter:data1\" content=\"2\u00a0Minuten\" \/>\n<script type=\"application\/ld+json\" class=\"yoast-schema-graph\">{\"@context\":\"https:\\\/\\\/schema.org\",\"@graph\":[{\"@type\":\"WebPage\",\"@id\":\"https:\\\/\\\/www.walraven.com\\\/de\\\/ueber-walraven\\\/aktuelles\\\/pressemitteilungen\\\/pressemeldungen-shk-essen-2022\\\/\",\"url\":\"https:\\\/\\\/www.walraven.com\\\/de\\\/ueber-walraven\\\/aktuelles\\\/pressemitteilungen\\\/pressemeldungen-shk-essen-2022\\\/\",\"name\":\"Pressemeldungen Herbst 2022 (SHK Essen 2022) - Walraven Deutschland\",\"isPartOf\":{\"@id\":\"https:\\\/\\\/www.walraven.com\\\/de\\\/#website\"},\"datePublished\":\"2022-09-06T10:07:38+00:00\",\"dateModified\":\"2023-03-17T13:18:58+00:00\",\"description\":\"Ganz aktuell: Die neu \u00fcberarbeitete Pacifyre\u00ae AWM II Brandschutzmanschette, zwei neue Gebietsverkaufsleiter und ein Brandschutz-Fachbeitrag.\",\"breadcrumb\":{\"@id\":\"https:\\\/\\\/www.walraven.com\\\/de\\\/ueber-walraven\\\/aktuelles\\\/pressemitteilungen\\\/pressemeldungen-shk-essen-2022\\\/#breadcrumb\"},\"inLanguage\":\"de\",\"potentialAction\":[{\"@type\":\"ReadAction\",\"target\":[\"https:\\\/\\\/www.walraven.com\\\/de\\\/ueber-walraven\\\/aktuelles\\\/pressemitteilungen\\\/pressemeldungen-shk-essen-2022\\\/\"]}]},{\"@type\":\"BreadcrumbList\",\"@id\":\"https:\\\/\\\/www.walraven.com\\\/de\\\/ueber-walraven\\\/aktuelles\\\/pressemitteilungen\\\/pressemeldungen-shk-essen-2022\\\/#breadcrumb\",\"itemListElement\":[{\"@type\":\"ListItem\",\"position\":1,\"name\":\"Startseite\",\"item\":\"https:\\\/\\\/www.walraven.com\\\/de\\\/\"},{\"@type\":\"ListItem\",\"position\":2,\"name\":\"Walraven Group\",\"item\":\"https:\\\/\\\/www.walraven.com\\\/de\\\/ueber-walraven\\\/\"},{\"@type\":\"ListItem\",\"position\":3,\"name\":\"News\",\"item\":\"https:\\\/\\\/www.walraven.com\\\/de\\\/ueber-walraven\\\/aktuelles\\\/\"},{\"@type\":\"ListItem\",\"position\":4,\"name\":\"Pressemitteilungen\",\"item\":\"https:\\\/\\\/www.walraven.com\\\/de\\\/ueber-walraven\\\/aktuelles\\\/pressemitteilungen\\\/\"},{\"@type\":\"ListItem\",\"position\":5,\"name\":\"Pressemeldungen Herbst 2022 (SHK Essen 2022)\"}]},{\"@type\":\"WebSite\",\"@id\":\"https:\\\/\\\/www.walraven.com\\\/de\\\/#website\",\"url\":\"https:\\\/\\\/www.walraven.com\\\/de\\\/\",\"name\":\"Walraven Deutschland\",\"description\":\"\",\"publisher\":{\"@id\":\"https:\\\/\\\/www.walraven.com\\\/de\\\/#organization\"},\"potentialAction\":[{\"@type\":\"SearchAction\",\"target\":{\"@type\":\"EntryPoint\",\"urlTemplate\":\"https:\\\/\\\/www.walraven.com\\\/de\\\/?s={search_term_string}\"},\"query-input\":{\"@type\":\"PropertyValueSpecification\",\"valueRequired\":true,\"valueName\":\"search_term_string\"}}],\"inLanguage\":\"de\"},{\"@type\":\"Organization\",\"@id\":\"https:\\\/\\\/www.walraven.com\\\/de\\\/#organization\",\"name\":\"Walraven GmbH\",\"alternateName\":\"Walraven GmbH\",\"url\":\"https:\\\/\\\/www.walraven.com\\\/de\\\/\",\"logo\":{\"@type\":\"ImageObject\",\"inLanguage\":\"de\",\"@id\":\"https:\\\/\\\/www.walraven.com\\\/de\\\/#\\\/schema\\\/logo\\\/image\\\/\",\"url\":\"https:\\\/\\\/www.walraven.com\\\/de\\\/wp-content\\\/uploads\\\/sites\\\/4\\\/2023\\\/12\\\/Walraven_logo300x300.jpg\",\"contentUrl\":\"https:\\\/\\\/www.walraven.com\\\/de\\\/wp-content\\\/uploads\\\/sites\\\/4\\\/2023\\\/12\\\/Walraven_logo300x300.jpg\",\"width\":300,\"height\":300,\"caption\":\"Walraven GmbH\"},\"image\":{\"@id\":\"https:\\\/\\\/www.walraven.com\\\/de\\\/#\\\/schema\\\/logo\\\/image\\\/\"},\"sameAs\":[\"https:\\\/\\\/www.facebook.com\\\/Walraven.GmbH\",\"https:\\\/\\\/x.com\\\/BIS_Tech\",\"https:\\\/\\\/www.youtube.com\\\/WalravenDE\",\"https:\\\/\\\/www.linkedin.com\\\/company\\\/walraven-gmbh\",\"https:\\\/\\\/www.instagram.com\\\/walraven.gmbh\\\/\"]}]}<\/script>\n<!-- \/ Yoast SEO Premium plugin. -->","yoast_head_json":{"title":"Pressemeldungen Herbst 2022 (SHK Essen 2022) - Walraven Deutschland","description":"Ganz aktuell: Die neu \u00fcberarbeitete Pacifyre\u00ae AWM II Brandschutzmanschette, zwei neue Gebietsverkaufsleiter und ein Brandschutz-Fachbeitrag.","robots":{"index":"index","follow":"follow","max-snippet":"max-snippet:-1","max-image-preview":"max-image-preview:large","max-video-preview":"max-video-preview:-1"},"canonical":"https:\/\/www.walraven.com\/de\/ueber-walraven\/aktuelles\/pressemitteilungen\/pressemeldungen-shk-essen-2022\/","og_locale":"de_DE","og_type":"article","og_title":"Pressemeldungen Herbst 2022 (SHK Essen 2022)","og_description":"Ganz aktuell: Die neu \u00fcberarbeitete Pacifyre\u00ae AWM II Brandschutzmanschette, zwei neue Gebietsverkaufsleiter und ein Brandschutz-Fachbeitrag.","og_url":"https:\/\/www.walraven.com\/de\/ueber-walraven\/aktuelles\/pressemitteilungen\/pressemeldungen-shk-essen-2022\/","og_site_name":"Walraven Deutschland","article_publisher":"https:\/\/www.facebook.com\/Walraven.GmbH","article_modified_time":"2023-03-17T13:18:58+00:00","og_image":[{"url":"https:\/\/www.walraven.com\/de\/wp-content\/uploads\/sites\/4\/2022\/09\/Schachtwaende-Montagebild-Schachtwandabschottung-Pacifyre-MKII-CMYK-150x150.jpg","type":"","width":"","height":""}],"twitter_card":"summary_large_image","twitter_site":"@BIS_Tech","twitter_misc":{"Gesch\u00e4tzte Lesezeit":"2\u00a0Minuten"},"schema":{"@context":"https:\/\/schema.org","@graph":[{"@type":"WebPage","@id":"https:\/\/www.walraven.com\/de\/ueber-walraven\/aktuelles\/pressemitteilungen\/pressemeldungen-shk-essen-2022\/","url":"https:\/\/www.walraven.com\/de\/ueber-walraven\/aktuelles\/pressemitteilungen\/pressemeldungen-shk-essen-2022\/","name":"Pressemeldungen Herbst 2022 (SHK Essen 2022) - Walraven Deutschland","isPartOf":{"@id":"https:\/\/www.walraven.com\/de\/#website"},"datePublished":"2022-09-06T10:07:38+00:00","dateModified":"2023-03-17T13:18:58+00:00","description":"Ganz aktuell: Die neu \u00fcberarbeitete Pacifyre\u00ae AWM II Brandschutzmanschette, zwei neue Gebietsverkaufsleiter und ein Brandschutz-Fachbeitrag.","breadcrumb":{"@id":"https:\/\/www.walraven.com\/de\/ueber-walraven\/aktuelles\/pressemitteilungen\/pressemeldungen-shk-essen-2022\/#breadcrumb"},"inLanguage":"de","potentialAction":[{"@type":"ReadAction","target":["https:\/\/www.walraven.com\/de\/ueber-walraven\/aktuelles\/pressemitteilungen\/pressemeldungen-shk-essen-2022\/"]}]},{"@type":"BreadcrumbList","@id":"https:\/\/www.walraven.com\/de\/ueber-walraven\/aktuelles\/pressemitteilungen\/pressemeldungen-shk-essen-2022\/#breadcrumb","itemListElement":[{"@type":"ListItem","position":1,"name":"Startseite","item":"https:\/\/www.walraven.com\/de\/"},{"@type":"ListItem","position":2,"name":"Walraven Group","item":"https:\/\/www.walraven.com\/de\/ueber-walraven\/"},{"@type":"ListItem","position":3,"name":"News","item":"https:\/\/www.walraven.com\/de\/ueber-walraven\/aktuelles\/"},{"@type":"ListItem","position":4,"name":"Pressemitteilungen","item":"https:\/\/www.walraven.com\/de\/ueber-walraven\/aktuelles\/pressemitteilungen\/"},{"@type":"ListItem","position":5,"name":"Pressemeldungen Herbst 2022 (SHK Essen 2022)"}]},{"@type":"WebSite","@id":"https:\/\/www.walraven.com\/de\/#website","url":"https:\/\/www.walraven.com\/de\/","name":"Walraven Deutschland","description":"","publisher":{"@id":"https:\/\/www.walraven.com\/de\/#organization"},"potentialAction":[{"@type":"SearchAction","target":{"@type":"EntryPoint","urlTemplate":"https:\/\/www.walraven.com\/de\/?s={search_term_string}"},"query-input":{"@type":"PropertyValueSpecification","valueRequired":true,"valueName":"search_term_string"}}],"inLanguage":"de"},{"@type":"Organization","@id":"https:\/\/www.walraven.com\/de\/#organization","name":"Walraven GmbH","alternateName":"Walraven GmbH","url":"https:\/\/www.walraven.com\/de\/","logo":{"@type":"ImageObject","inLanguage":"de","@id":"https:\/\/www.walraven.com\/de\/#\/schema\/logo\/image\/","url":"https:\/\/www.walraven.com\/de\/wp-content\/uploads\/sites\/4\/2023\/12\/Walraven_logo300x300.jpg","contentUrl":"https:\/\/www.walraven.com\/de\/wp-content\/uploads\/sites\/4\/2023\/12\/Walraven_logo300x300.jpg","width":300,"height":300,"caption":"Walraven GmbH"},"image":{"@id":"https:\/\/www.walraven.com\/de\/#\/schema\/logo\/image\/"},"sameAs":["https:\/\/www.facebook.com\/Walraven.GmbH","https:\/\/x.com\/BIS_Tech","https:\/\/www.youtube.com\/WalravenDE","https:\/\/www.linkedin.com\/company\/walraven-gmbh","https:\/\/www.instagram.com\/walraven.gmbh\/"]}]}},"_links":{"self":[{"href":"https:\/\/www.walraven.com\/de\/wp-json\/wp\/v2\/pages\/81142","targetHints":{"allow":["GET"]}}],"collection":[{"href":"https:\/\/www.walraven.com\/de\/wp-json\/wp\/v2\/pages"}],"about":[{"href":"https:\/\/www.walraven.com\/de\/wp-json\/wp\/v2\/types\/page"}],"author":[{"embeddable":true,"href":"https:\/\/www.walraven.com\/de\/wp-json\/wp\/v2\/users\/49"}],"replies":[{"embeddable":true,"href":"https:\/\/www.walraven.com\/de\/wp-json\/wp\/v2\/comments?post=81142"}],"version-history":[{"count":5,"href":"https:\/\/www.walraven.com\/de\/wp-json\/wp\/v2\/pages\/81142\/revisions"}],"predecessor-version":[{"id":83144,"href":"https:\/\/www.walraven.com\/de\/wp-json\/wp\/v2\/pages\/81142\/revisions\/83144"}],"up":[{"embeddable":true,"href":"https:\/\/www.walraven.com\/de\/wp-json\/wp\/v2\/pages\/71855"}],"wp:attachment":[{"href":"https:\/\/www.walraven.com\/de\/wp-json\/wp\/v2\/media?parent=81142"}],"curies":[{"name":"wp","href":"https:\/\/api.w.org\/{rel}","templated":true}]}}